{"id":2448,"date":"2023-06-27T19:54:55","date_gmt":"2023-06-28T00:54:55","guid":{"rendered":"https:\/\/democraciaenriesgo.com\/?page_id=2448"},"modified":"2023-06-28T09:26:01","modified_gmt":"2023-06-28T14:26:01","slug":"alerta-amenazas-contra-docentes-y-periodistas-en-el-caribe-colombiano","status":"publish","type":"page","link":"https:\/\/democraciaenriesgo.com\/index.php\/riesgos-democraticos\/alerta-amenazas-contra-docentes-y-periodistas-en-el-caribe-colombiano\/","title":{"rendered":"Alerta Amenazas contra docentes y periodistas en el Caribe colombiano"},"content":{"rendered":"\t\t<div data-elementor-type=\"wp-page\" data-elementor-id=\"2448\" class=\"elementor elementor-2448\" data-elementor-settings=\"[]\">\n\t\t\t\t\t\t\t<div class=\"elementor-section-wrap\">\n\t\t\t\t\t\t\t<section class=\"elementor-section elementor-top-section elementor-element elementor-element-7f8c5b8 elementor-section-stretched elementor-section-boxed elementor-section-height-default elementor-section-height-default\" data-id=\"7f8c5b8\" data-element_type=\"section\" data-settings=\"{&quot;stretch_section&quot;:&quot;section-stretched&quot;,&quot;background_background&quot;:&quot;classic&quot;}\">\n\t\t\t\t\t\t<div class=\"elementor-container elementor-column-gap-default\">\n\t\t\t\t\t<div class=\"elementor-column elementor-col-100 elementor-top-column elementor-element elementor-element-53fb938\" data-id=\"53fb938\" data-element_type=\"column\">\n\t\t\t<div class=\"elementor-widget-wrap elementor-element-populated\">\n\t\t\t\t\t\t\t\t<div class=\"elementor-element elementor-element-4d26a4c elementor-widget elementor-widget-image\" data-id=\"4d26a4c\" data-element_type=\"widget\" data-widget_type=\"image.default\">\n\t\t\t\t<div class=\"elementor-widget-container\">\n\t\t\t\t\t<div class=\"elementor-image\">\n\t\t\t\t\t\t\t\t\t\t<img width=\"1024\" height=\"449\" src=\"https:\/\/i2.wp.com\/democraciaenriesgo.com\/wp-content\/uploads\/2021\/04\/R2.png?fit=1024%2C449&amp;ssl=1\" class=\"attachment-large size-large\" alt=\"Riesgo participaci\u00f3n y protesta\" loading=\"lazy\" srcset=\"https:\/\/i2.wp.com\/democraciaenriesgo.com\/wp-content\/uploads\/2021\/04\/R2.png?w=1689&amp;ssl=1 1689w, https:\/\/i2.wp.com\/democraciaenriesgo.com\/wp-content\/uploads\/2021\/04\/R2.png?resize=300%2C132&amp;ssl=1 300w, https:\/\/i2.wp.com\/democraciaenriesgo.com\/wp-content\/uploads\/2021\/04\/R2.png?resize=1024%2C449&amp;ssl=1 1024w, https:\/\/i2.wp.com\/democraciaenriesgo.com\/wp-content\/uploads\/2021\/04\/R2.png?resize=768%2C337&amp;ssl=1 768w, https:\/\/i2.wp.com\/democraciaenriesgo.com\/wp-content\/uploads\/2021\/04\/R2.png?resize=1536%2C674&amp;ssl=1 1536w\" sizes=\"(max-width: 1024px) 100vw, 1024px\" \/>\t\t\t\t\t\t\t\t\t\t\t<\/div>\n\t\t\t\t<\/div>\n\t\t\t\t<\/div>\n\t\t\t\t\t<\/div>\n\t\t<\/div>\n\t\t\t\t\t\t\t<\/div>\n\t\t<\/section>\n\t\t\t\t<section class=\"elementor-section elementor-top-section elementor-element elementor-element-8f4e581 elementor-section-stretched elementor-section-boxed elementor-section-height-default elementor-section-height-default\" data-id=\"8f4e581\" data-element_type=\"section\" data-settings=\"{&quot;stretch_section&quot;:&quot;section-stretched&quot;,&quot;background_background&quot;:&quot;classic&quot;}\">\n\t\t\t\t\t\t<div class=\"elementor-container elementor-column-gap-default\">\n\t\t\t\t\t<div class=\"elementor-column elementor-col-100 elementor-top-column elementor-element elementor-element-ae68c5d\" data-id=\"ae68c5d\" data-element_type=\"column\">\n\t\t\t<div class=\"elementor-widget-wrap elementor-element-populated\">\n\t\t\t\t\t\t\t\t<div class=\"elementor-element elementor-element-15c48a6 elementor-widget elementor-widget-heading\" data-id=\"15c48a6\" data-element_type=\"widget\" data-widget_type=\"heading.default\">\n\t\t\t\t<div class=\"elementor-widget-container\">\n\t\t\t<h1 class=\"elementor-heading-title elementor-size-default\">Alerta Amenazas contra docentes y periodistas en el Caribe colombiano<\/h1>\t\t<\/div>\n\t\t\t\t<\/div>\n\t\t\t\t\t<\/div>\n\t\t<\/div>\n\t\t\t\t\t\t\t<\/div>\n\t\t<\/section>\n\t\t\t\t<section class=\"elementor-section elementor-top-section elementor-element elementor-element-1d50548 elementor-section-stretched elementor-section-boxed elementor-section-height-default elementor-section-height-default\" data-id=\"1d50548\" data-element_type=\"section\" data-settings=\"{&quot;stretch_section&quot;:&quot;section-stretched&quot;,&quot;background_background&quot;:&quot;classic&quot;}\">\n\t\t\t\t\t\t<div class=\"elementor-container elementor-column-gap-default\">\n\t\t\t\t\t<div class=\"elementor-column elementor-col-100 elementor-top-column elementor-element elementor-element-cfba193\" data-id=\"cfba193\" data-element_type=\"column\">\n\t\t\t<div class=\"elementor-widget-wrap elementor-element-populated\">\n\t\t\t\t\t\t\t\t<section class=\"elementor-section elementor-inner-section elementor-element elementor-element-528586c elementor-section-boxed elementor-section-height-default elementor-section-height-default\" data-id=\"528586c\" data-element_type=\"section\">\n\t\t\t\t\t\t<div class=\"elementor-container elementor-column-gap-default\">\n\t\t\t\t\t<div class=\"elementor-column elementor-col-33 elementor-inner-column elementor-element elementor-element-d66ef6f\" data-id=\"d66ef6f\" data-element_type=\"column\">\n\t\t\t<div class=\"elementor-widget-wrap\">\n\t\t\t\t\t\t\t\t\t<\/div>\n\t\t<\/div>\n\t\t\t\t<div class=\"elementor-column elementor-col-33 elementor-inner-column elementor-element elementor-element-1a67913\" data-id=\"1a67913\" data-element_type=\"column\">\n\t\t\t<div class=\"elementor-widget-wrap elementor-element-populated\">\n\t\t\t\t\t\t\t\t<div class=\"elementor-element elementor-element-d931082 elementor-widget elementor-widget-text-editor\" data-id=\"d931082\" data-element_type=\"widget\" data-widget_type=\"text-editor.default\">\n\t\t\t\t<div class=\"elementor-widget-container\">\n\t\t\t\t\t<div class=\"elementor-text-editor elementor-clearfix\"><p style=\"text-align: center;\">Rechazamos las recientes amenazas que han recibido los profesores Luis Fernando Trejos, Lerber Dimas y la profesora Norma Vera Salazar y un grupo de periodistas de Santa Marta, Barranquilla y Cesar, por parte de las Autodefensas Gaitanistas de Colombia -AGC-, en raz\u00f3n a su labor como investigadores y acad\u00e9micos que han venido aportando en temas de conflicto, violencia territorial y el alcance de los grupos armados en el Caribe colombiano.\u00a0<\/p><\/div>\n\t\t\t\t<\/div>\n\t\t\t\t<\/div>\n\t\t\t\t<div class=\"elementor-element elementor-element-1ca691b elementor-widget-divider--view-line elementor-widget elementor-widget-divider\" data-id=\"1ca691b\" data-element_type=\"widget\" data-widget_type=\"divider.default\">\n\t\t\t\t<div class=\"elementor-widget-container\">\n\t\t\t\t\t<div class=\"elementor-divider\">\n\t\t\t<span class=\"elementor-divider-separator\">\n\t\t\t\t\t\t<\/span>\n\t\t<\/div>\n\t\t\t\t<\/div>\n\t\t\t\t<\/div>\n\t\t\t\t<div class=\"elementor-element elementor-element-34869fe elementor-widget elementor-widget-text-editor\" data-id=\"34869fe\" data-element_type=\"widget\" data-widget_type=\"text-editor.default\">\n\t\t\t\t<div class=\"elementor-widget-container\">\n\t\t\t\t\t<div class=\"elementor-text-editor elementor-clearfix\"><p style=\"text-align: center;\">Alerta emitida en junio de 2023<\/p><\/div>\n\t\t\t\t<\/div>\n\t\t\t\t<\/div>\n\t\t\t\t\t<\/div>\n\t\t<\/div>\n\t\t\t\t<div class=\"elementor-column elementor-col-33 elementor-inner-column elementor-element elementor-element-2cc9140\" data-id=\"2cc9140\" data-element_type=\"column\">\n\t\t\t<div class=\"elementor-widget-wrap\">\n\t\t\t\t\t\t\t\t\t<\/div>\n\t\t<\/div>\n\t\t\t\t\t\t\t<\/div>\n\t\t<\/section>\n\t\t\t\t<div class=\"elementor-element elementor-element-22513e7 elementor-button-warning elementor-align-center elementor-widget elementor-widget-button\" data-id=\"22513e7\" data-element_type=\"widget\" data-widget_type=\"button.default\">\n\t\t\t\t<div class=\"elementor-widget-container\">\n\t\t\t\t\t<div class=\"elementor-button-wrapper\">\n\t\t\t<a href=\"https:\/\/democraciaenriesgo.com\/wp-content\/uploads\/2023\/06\/20230628_Alerta-Amenazas-docentes-y-periodistas.pdf\" target=\"_blank\" class=\"elementor-button-link elementor-button elementor-size-sm elementor-animation-shrink\" role=\"button\">\n\t\t\t\t\t\t<span class=\"elementor-button-content-wrapper\">\n\t\t\t\t\t\t<span class=\"elementor-button-text\">Acceda a la Alerta Amenazas contra docentes y periodistas en  el Caribe colombiano [PDF]<\/span>\n\t\t<\/span>\n\t\t\t\t\t<\/a>\n\t\t<\/div>\n\t\t\t\t<\/div>\n\t\t\t\t<\/div>\n\t\t\t\t<div class=\"elementor-element elementor-element-a5daf35 elementor-widget elementor-widget-spacer\" data-id=\"a5daf35\" data-element_type=\"widget\" data-widget_type=\"spacer.default\">\n\t\t\t\t<div class=\"elementor-widget-container\">\n\t\t\t\t\t<div class=\"elementor-spacer\">\n\t\t\t<div class=\"elementor-spacer-inner\"><\/div>\n\t\t<\/div>\n\t\t\t\t<\/div>\n\t\t\t\t<\/div>\n\t\t\t\t\t<\/div>\n\t\t<\/div>\n\t\t\t\t\t\t\t<\/div>\n\t\t<\/section>\n\t\t\t\t<section class=\"elementor-section elementor-top-section elementor-element elementor-element-3429bed elementor-section-stretched elementor-section-boxed elementor-section-height-default elementor-section-height-default\" data-id=\"3429bed\" data-element_type=\"section\" data-settings=\"{&quot;stretch_section&quot;:&quot;section-stretched&quot;,&quot;background_background&quot;:&quot;slideshow&quot;,&quot;background_slideshow_gallery&quot;:[],&quot;background_slideshow_slide_duration&quot;:5000,&quot;background_slideshow_slide_transition&quot;:&quot;fade&quot;,&quot;background_slideshow_transition_duration&quot;:500}\">\n\t\t\t\t\t\t\t<div class=\"elementor-background-overlay\"><\/div>\n\t\t\t\t\t\t\t<div class=\"elementor-container elementor-column-gap-default\">\n\t\t\t\t\t<div class=\"elementor-column elementor-col-100 elementor-top-column elementor-element elementor-element-a93edec\" data-id=\"a93edec\" data-element_type=\"column\">\n\t\t\t<div class=\"elementor-widget-wrap elementor-element-populated\">\n\t\t\t\t\t\t\t\t<div class=\"elementor-element elementor-element-8607be3 elementor-view-default elementor-widget elementor-widget-icon\" data-id=\"8607be3\" data-element_type=\"widget\" data-widget_type=\"icon.default\">\n\t\t\t\t<div class=\"elementor-widget-container\">\n\t\t\t\t\t<div class=\"elementor-icon-wrapper\">\n\t\t\t<div class=\"elementor-icon\">\n\t\t\t<i aria-hidden=\"true\" class=\"far fa-eye\"><\/i>\t\t\t<\/div>\n\t\t<\/div>\n\t\t\t\t<\/div>\n\t\t\t\t<\/div>\n\t\t\t\t<div class=\"elementor-element elementor-element-d79eaa4 elementor-widget elementor-widget-heading\" data-id=\"d79eaa4\" data-element_type=\"widget\" data-widget_type=\"heading.default\">\n\t\t\t\t<div class=\"elementor-widget-container\">\n\t\t\t<h1 class=\"elementor-heading-title elementor-size-default\">Como organizaciones de la sociedad civil nos preocupan este tipo de amedrentamientos en v\u00edsperas de un proceso electoral tan importante para el pa\u00eds. Exigimos que se realicen los estudios de seguridad a la brevedad posible y se activen todos los mecanismos que permitan proteger la vida y brindar garant\u00edas para el libre ejercicio acad\u00e9mico y period\u00edstico. <\/h1>\t\t<\/div>\n\t\t\t\t<\/div>\n\t\t\t\t\t<\/div>\n\t\t<\/div>\n\t\t\t\t\t\t\t<\/div>\n\t\t<\/section>\n\t\t\t\t<section class=\"elementor-section elementor-top-section elementor-element elementor-element-f004d0d elementor-section-boxed elementor-section-height-default elementor-section-height-default\" data-id=\"f004d0d\" data-element_type=\"section\" data-settings=\"{&quot;background_background&quot;:&quot;classic&quot;}\">\n\t\t\t\t\t\t<div class=\"elementor-container elementor-column-gap-default\">\n\t\t\t\t\t<div class=\"elementor-column elementor-col-50 elementor-top-column elementor-element elementor-element-e42226f\" data-id=\"e42226f\" data-element_type=\"column\" data-settings=\"{&quot;background_background&quot;:&quot;classic&quot;}\">\n\t\t\t<div class=\"elementor-widget-wrap elementor-element-populated\">\n\t\t\t\t\t\t\t\t<div class=\"elementor-element elementor-element-07fbf42 elementor-widget elementor-widget-spacer\" data-id=\"07fbf42\" data-element_type=\"widget\" data-widget_type=\"spacer.default\">\n\t\t\t\t<div class=\"elementor-widget-container\">\n\t\t\t\t\t<div class=\"elementor-spacer\">\n\t\t\t<div class=\"elementor-spacer-inner\"><\/div>\n\t\t<\/div>\n\t\t\t\t<\/div>\n\t\t\t\t<\/div>\n\t\t\t\t<div class=\"elementor-element elementor-element-cf5e7db elementor-view-default elementor-widget elementor-widget-icon\" data-id=\"cf5e7db\" data-element_type=\"widget\" data-widget_type=\"icon.default\">\n\t\t\t\t<div class=\"elementor-widget-container\">\n\t\t\t\t\t<div class=\"elementor-icon-wrapper\">\n\t\t\t<div class=\"elementor-icon\">\n\t\t\t<i aria-hidden=\"true\" class=\"fas fa-users-cog\"><\/i>\t\t\t<\/div>\n\t\t<\/div>\n\t\t\t\t<\/div>\n\t\t\t\t<\/div>\n\t\t\t\t\t<\/div>\n\t\t<\/div>\n\t\t\t\t<div class=\"elementor-column elementor-col-50 elementor-top-column elementor-element elementor-element-b626ff0\" data-id=\"b626ff0\" data-element_type=\"column\" data-settings=\"{&quot;background_background&quot;:&quot;classic&quot;}\">\n\t\t\t<div class=\"elementor-widget-wrap elementor-element-populated\">\n\t\t\t\t\t\t\t\t<div class=\"elementor-element elementor-element-9c14ba3 elementor-widget elementor-widget-spacer\" data-id=\"9c14ba3\" data-element_type=\"widget\" data-widget_type=\"spacer.default\">\n\t\t\t\t<div class=\"elementor-widget-container\">\n\t\t\t\t\t<div class=\"elementor-spacer\">\n\t\t\t<div class=\"elementor-spacer-inner\"><\/div>\n\t\t<\/div>\n\t\t\t\t<\/div>\n\t\t\t\t<\/div>\n\t\t\t\t<div class=\"elementor-element elementor-element-dc5a93e elementor-widget elementor-widget-text-editor\" data-id=\"dc5a93e\" data-element_type=\"widget\" data-widget_type=\"text-editor.default\">\n\t\t\t\t<div class=\"elementor-widget-container\">\n\t\t\t\t\t<div class=\"elementor-text-editor elementor-clearfix\"><p><strong>Hacemos&nbsp;un llamado al Gobierno Nacional para seguir avanzando de manera efectiva en la implementaci\u00f3n del Plan de Emergencia para protecci\u00f3n de personas l\u00edderes, defensoras de DD.HH. y firmantes de paz.<\/strong><\/p><\/div>\n\t\t\t\t<\/div>\n\t\t\t\t<\/div>\n\t\t\t\t<div class=\"elementor-element elementor-element-abe599d elementor-widget elementor-widget-spacer\" data-id=\"abe599d\" data-element_type=\"widget\" data-widget_type=\"spacer.default\">\n\t\t\t\t<div class=\"elementor-widget-container\">\n\t\t\t\t\t<div class=\"elementor-spacer\">\n\t\t\t<div class=\"elementor-spacer-inner\"><\/div>\n\t\t<\/div>\n\t\t\t\t<\/div>\n\t\t\t\t<\/div>\n\t\t\t\t\t<\/div>\n\t\t<\/div>\n\t\t\t\t\t\t\t<\/div>\n\t\t<\/section>\n\t\t\t\t\t\t<\/div>\n\t\t\t\t\t<\/div>\n\t\t","protected":false},"excerpt":{"rendered":"<p>Alerta Amenazas contra docentes y periodistas en el Caribe colombiano Rechazamos las recientes amenazas que han recibido los profesores Luis Fernando Trejos, Lerber Dimas y la profesora Norma Vera Salazar y un grupo de periodistas de Santa Marta, Barranquilla y Cesar, por parte de las Autodefensas Gaitanistas de Colombia -AGC-, en raz\u00f3n a su labor&hellip;&nbsp;<a href=\"https:\/\/democraciaenriesgo.com\/index.php\/riesgos-democraticos\/alerta-amenazas-contra-docentes-y-periodistas-en-el-caribe-colombiano\/\" class=\"\" rel=\"bookmark\">Leer m\u00e1s &raquo;<span class=\"screen-reader-text\">Alerta Amenazas contra docentes y periodistas en el Caribe colombiano<\/span><\/a><\/p>\n","protected":false},"author":1,"featured_media":0,"parent":61,"menu_order":0,"comment_status":"closed","ping_status":"closed","template":"elementor_header_footer","meta":{"neve_meta_sidebar":"full-width","neve_meta_container":"","neve_meta_enable_content_width":"on","neve_meta_content_width":100,"neve_meta_title_alignment":"","neve_meta_author_avatar":"","neve_post_elements_order":"","neve_meta_disable_header":"","neve_meta_disable_footer":"","neve_meta_disable_title":"","_ti_tpc_template_sync":false,"_ti_tpc_template_id":"","spay_email":""},"_links":{"self":[{"href":"https:\/\/democraciaenriesgo.com\/index.php\/wp-json\/wp\/v2\/pages\/2448"}],"collection":[{"href":"https:\/\/democraciaenriesgo.com\/index.php\/wp-json\/wp\/v2\/pages"}],"about":[{"href":"https:\/\/democraciaenriesgo.com\/index.php\/wp-json\/wp\/v2\/types\/page"}],"author":[{"embeddable":true,"href":"https:\/\/democraciaenriesgo.com\/index.php\/wp-json\/wp\/v2\/users\/1"}],"replies":[{"embeddable":true,"href":"https:\/\/democraciaenriesgo.com\/index.php\/wp-json\/wp\/v2\/comments?post=2448"}],"version-history":[{"count":16,"href":"https:\/\/democraciaenriesgo.com\/index.php\/wp-json\/wp\/v2\/pages\/2448\/revisions"}],"predecessor-version":[{"id":2477,"href":"https:\/\/democraciaenriesgo.com\/index.php\/wp-json\/wp\/v2\/pages\/2448\/revisions\/2477"}],"up":[{"embeddable":true,"href":"https:\/\/democraciaenriesgo.com\/index.php\/wp-json\/wp\/v2\/pages\/61"}],"wp:attachment":[{"href":"https:\/\/democraciaenriesgo.com\/index.php\/wp-json\/wp\/v2\/media?parent=2448"}],"curies":[{"name":"wp","href":"https:\/\/api.w.org\/{rel}","templated":true}]}}