{"id":438,"date":"2021-04-23T18:11:28","date_gmt":"2021-04-23T23:11:28","guid":{"rendered":"https:\/\/democraciaenriesgo.com\/?page_id=438"},"modified":"2021-08-25T14:58:24","modified_gmt":"2021-08-25T19:58:24","slug":"alerta-elecciones","status":"publish","type":"page","link":"https:\/\/democraciaenriesgo.com\/index.php\/riesgos-democraticos\/alerta-elecciones\/","title":{"rendered":"Alerta Elecciones at\u00edpicas"},"content":{"rendered":"\t\t<div data-elementor-type=\"wp-page\" data-elementor-id=\"438\" class=\"elementor elementor-438\" data-elementor-settings=\"[]\">\n\t\t\t\t\t\t\t<div class=\"elementor-section-wrap\">\n\t\t\t\t\t\t\t<section class=\"elementor-section elementor-top-section elementor-element elementor-element-3fba1eb elementor-section-stretched elementor-section-boxed elementor-section-height-default elementor-section-height-default\" data-id=\"3fba1eb\" data-element_type=\"section\" data-settings=\"{&quot;stretch_section&quot;:&quot;section-stretched&quot;,&quot;background_background&quot;:&quot;classic&quot;}\">\n\t\t\t\t\t\t<div class=\"elementor-container elementor-column-gap-default\">\n\t\t\t\t\t<div class=\"elementor-column elementor-col-100 elementor-top-column elementor-element elementor-element-6c2444f\" data-id=\"6c2444f\" data-element_type=\"column\">\n\t\t\t<div class=\"elementor-widget-wrap elementor-element-populated\">\n\t\t\t\t\t\t\t\t<div class=\"elementor-element elementor-element-d9db251 elementor-widget elementor-widget-image\" data-id=\"d9db251\" data-element_type=\"widget\" data-widget_type=\"image.default\">\n\t\t\t\t<div class=\"elementor-widget-container\">\n\t\t\t\t\t<div class=\"elementor-image\">\n\t\t\t\t\t\t\t\t\t\t<img width=\"1024\" height=\"449\" src=\"https:\/\/i2.wp.com\/democraciaenriesgo.com\/wp-content\/uploads\/2021\/04\/R2.png?fit=1024%2C449&amp;ssl=1\" class=\"attachment-large size-large\" alt=\"Riesgo participaci\u00f3n y protesta\" loading=\"lazy\" srcset=\"https:\/\/i2.wp.com\/democraciaenriesgo.com\/wp-content\/uploads\/2021\/04\/R2.png?w=1689&amp;ssl=1 1689w, https:\/\/i2.wp.com\/democraciaenriesgo.com\/wp-content\/uploads\/2021\/04\/R2.png?resize=300%2C132&amp;ssl=1 300w, https:\/\/i2.wp.com\/democraciaenriesgo.com\/wp-content\/uploads\/2021\/04\/R2.png?resize=1024%2C449&amp;ssl=1 1024w, https:\/\/i2.wp.com\/democraciaenriesgo.com\/wp-content\/uploads\/2021\/04\/R2.png?resize=768%2C337&amp;ssl=1 768w, https:\/\/i2.wp.com\/democraciaenriesgo.com\/wp-content\/uploads\/2021\/04\/R2.png?resize=1536%2C674&amp;ssl=1 1536w\" sizes=\"(max-width: 1024px) 100vw, 1024px\" \/>\t\t\t\t\t\t\t\t\t\t\t<\/div>\n\t\t\t\t<\/div>\n\t\t\t\t<\/div>\n\t\t\t\t\t<\/div>\n\t\t<\/div>\n\t\t\t\t\t\t\t<\/div>\n\t\t<\/section>\n\t\t\t\t<section class=\"elementor-section elementor-top-section elementor-element elementor-element-608111e elementor-section-stretched elementor-section-boxed elementor-section-height-default elementor-section-height-default\" data-id=\"608111e\" data-element_type=\"section\" data-settings=\"{&quot;stretch_section&quot;:&quot;section-stretched&quot;,&quot;background_background&quot;:&quot;classic&quot;}\">\n\t\t\t\t\t\t<div class=\"elementor-container elementor-column-gap-default\">\n\t\t\t\t\t<div class=\"elementor-column elementor-col-100 elementor-top-column elementor-element elementor-element-9f98399\" data-id=\"9f98399\" data-element_type=\"column\">\n\t\t\t<div class=\"elementor-widget-wrap elementor-element-populated\">\n\t\t\t\t\t\t\t\t<div class=\"elementor-element elementor-element-6e2eed4 elementor-widget elementor-widget-heading\" data-id=\"6e2eed4\" data-element_type=\"widget\" data-widget_type=\"heading.default\">\n\t\t\t\t<div class=\"elementor-widget-container\">\n\t\t\t<h1 class=\"elementor-heading-title elementor-size-default\">Alerta Elecciones at\u00edpicas<\/h1>\t\t<\/div>\n\t\t\t\t<\/div>\n\t\t\t\t\t<\/div>\n\t\t<\/div>\n\t\t\t\t\t\t\t<\/div>\n\t\t<\/section>\n\t\t\t\t<section class=\"elementor-section elementor-top-section elementor-element elementor-element-f8d9680 elementor-section-stretched elementor-section-boxed elementor-section-height-default elementor-section-height-default\" data-id=\"f8d9680\" data-element_type=\"section\" data-settings=\"{&quot;stretch_section&quot;:&quot;section-stretched&quot;,&quot;background_background&quot;:&quot;classic&quot;}\">\n\t\t\t\t\t\t<div class=\"elementor-container elementor-column-gap-default\">\n\t\t\t\t\t<div class=\"elementor-column elementor-col-100 elementor-top-column elementor-element elementor-element-b122e15\" data-id=\"b122e15\" data-element_type=\"column\">\n\t\t\t<div class=\"elementor-widget-wrap elementor-element-populated\">\n\t\t\t\t\t\t\t\t<div class=\"elementor-element elementor-element-91591db elementor-widget elementor-widget-heading\" data-id=\"91591db\" data-element_type=\"widget\" data-widget_type=\"heading.default\">\n\t\t\t\t<div class=\"elementor-widget-container\">\n\t\t\t<h2 class=\"elementor-heading-title elementor-size-default\">De las garant\u00edas pol\u00edticas a la log\u00edstica electoral<\/h2>\t\t<\/div>\n\t\t\t\t<\/div>\n\t\t\t\t<section class=\"elementor-section elementor-inner-section elementor-element elementor-element-9dddc17 elementor-section-boxed elementor-section-height-default elementor-section-height-default\" data-id=\"9dddc17\" data-element_type=\"section\">\n\t\t\t\t\t\t<div class=\"elementor-container elementor-column-gap-default\">\n\t\t\t\t\t<div class=\"elementor-column elementor-col-33 elementor-inner-column elementor-element elementor-element-75ebd4f\" data-id=\"75ebd4f\" data-element_type=\"column\">\n\t\t\t<div class=\"elementor-widget-wrap\">\n\t\t\t\t\t\t\t\t\t<\/div>\n\t\t<\/div>\n\t\t\t\t<div class=\"elementor-column elementor-col-33 elementor-inner-column elementor-element elementor-element-71b01b3\" data-id=\"71b01b3\" data-element_type=\"column\">\n\t\t\t<div class=\"elementor-widget-wrap elementor-element-populated\">\n\t\t\t\t\t\t\t\t<div class=\"elementor-element elementor-element-34c9066 elementor-widget elementor-widget-text-editor\" data-id=\"34c9066\" data-element_type=\"widget\" data-widget_type=\"text-editor.default\">\n\t\t\t\t<div class=\"elementor-widget-container\">\n\t\t\t\t\t<div class=\"elementor-text-editor elementor-clearfix\"><p style=\"text-align: center;\">Colombia, como el resto del mundo, se encuentra inmerso en una emergencia sanitaria que conlleva un conjunto de limitaciones tanto a la movilidad, como a los espacios de contacto entre la ciudadan\u00eda. Sin embargo, en un Estado democr\u00e1tico, esto no puede significar la suspensi\u00f3n del derecho de los ciudadanos a elegir a sus autoridades.<\/p><\/div>\n\t\t\t\t<\/div>\n\t\t\t\t<\/div>\n\t\t\t\t<div class=\"elementor-element elementor-element-14ddd72 elementor-widget elementor-widget-image\" data-id=\"14ddd72\" data-element_type=\"widget\" data-widget_type=\"image.default\">\n\t\t\t\t<div class=\"elementor-widget-container\">\n\t\t\t\t\t<div class=\"elementor-image\">\n\t\t\t\t\t\t\t\t\t\t<img width=\"602\" height=\"338\" src=\"https:\/\/i2.wp.com\/democraciaenriesgo.com\/wp-content\/uploads\/2021\/04\/602x338_cmsv2_2cc0c6f3-d28a-5c63-be72-034a08ac5367-4712750.jpg?fit=602%2C338&amp;ssl=1\" class=\"attachment-large size-large\" alt=\"\" loading=\"lazy\" srcset=\"https:\/\/i2.wp.com\/democraciaenriesgo.com\/wp-content\/uploads\/2021\/04\/602x338_cmsv2_2cc0c6f3-d28a-5c63-be72-034a08ac5367-4712750.jpg?w=602&amp;ssl=1 602w, https:\/\/i2.wp.com\/democraciaenriesgo.com\/wp-content\/uploads\/2021\/04\/602x338_cmsv2_2cc0c6f3-d28a-5c63-be72-034a08ac5367-4712750.jpg?resize=300%2C168&amp;ssl=1 300w\" sizes=\"(max-width: 602px) 100vw, 602px\" \/>\t\t\t\t\t\t\t\t\t\t\t<\/div>\n\t\t\t\t<\/div>\n\t\t\t\t<\/div>\n\t\t\t\t<div class=\"elementor-element elementor-element-cb7c2da elementor-widget elementor-widget-text-editor\" data-id=\"cb7c2da\" data-element_type=\"widget\" data-widget_type=\"text-editor.default\">\n\t\t\t\t<div class=\"elementor-widget-container\">\n\t\t\t\t\t<div class=\"elementor-text-editor elementor-clearfix\"><p style=\"text-align: center;\">Desde la MOE se han advertido distintos temas que quienes organizan las\u00a0elecciones o participan en los procesos electorales deben atender para generar estas garant\u00edas, y la\u00a0confianza necesaria en el desarrollo de los procesos electorales. Lo anterior, partiendo de la premisa\u00a0de que ninguna de las medidas espec\u00edficas que se adopten ser\u00e1n suficientes, si no son arropadas por\u00a0los diferentes actores (como partidos pol\u00edticos, observaci\u00f3n electoral y medios de comunicaci\u00f3n),\u00a0debido a la necesidad de dotar de legitimidad estos ejercicios electorales que se desarrollar\u00e1n con\u00a0un alto contenido virtual y rodeados por diversas restricciones que se han generado por la\u00a0emergencia sanitaria.\u00a0<\/p><p style=\"text-align: center;\">As\u00ed, para efectos de las elecciones at\u00edpicas a celebrarse en los pr\u00f3ximos meses y en contexto de pandemia, en el siguiente documento presentamos los diferentes momentos de un proceso electoral y analizamos las medidas y ajustes que se recomiendan o se consideran adecuadas adoptar para garantizar tanto el cumplimiento de los requisitos establecidos en la legislaci\u00f3n electoral, como la certeza en las distintas etapas comiciales.<\/p><\/div>\n\t\t\t\t<\/div>\n\t\t\t\t<\/div>\n\t\t\t\t<div class=\"elementor-element elementor-element-09264e5 elementor-widget-divider--view-line elementor-widget elementor-widget-divider\" data-id=\"09264e5\" data-element_type=\"widget\" data-widget_type=\"divider.default\">\n\t\t\t\t<div class=\"elementor-widget-container\">\n\t\t\t\t\t<div class=\"elementor-divider\">\n\t\t\t<span class=\"elementor-divider-separator\">\n\t\t\t\t\t\t<\/span>\n\t\t<\/div>\n\t\t\t\t<\/div>\n\t\t\t\t<\/div>\n\t\t\t\t<div class=\"elementor-element elementor-element-802f4d1 elementor-widget elementor-widget-text-editor\" data-id=\"802f4d1\" data-element_type=\"widget\" data-widget_type=\"text-editor.default\">\n\t\t\t\t<div class=\"elementor-widget-container\">\n\t\t\t\t\t<div class=\"elementor-text-editor elementor-clearfix\"><p style=\"text-align: center;\">Alerta emitida el 30 de julio de 2020<\/p><\/div>\n\t\t\t\t<\/div>\n\t\t\t\t<\/div>\n\t\t\t\t<div class=\"elementor-element elementor-element-34e7d6e elementor-button-warning elementor-align-center elementor-widget elementor-widget-button\" data-id=\"34e7d6e\" data-element_type=\"widget\" data-widget_type=\"button.default\">\n\t\t\t\t<div class=\"elementor-widget-container\">\n\t\t\t\t\t<div class=\"elementor-button-wrapper\">\n\t\t\t<a href=\"https:\/\/democraciaenriesgo.com\/wp-content\/uploads\/2021\/04\/20200611-ELECCIONES-ATIPICAS-EN-PANDEMIA-docx.pdf\" target=\"_blank\" class=\"elementor-button-link elementor-button elementor-size-sm elementor-animation-shrink\" role=\"button\">\n\t\t\t\t\t\t<span class=\"elementor-button-content-wrapper\">\n\t\t\t\t\t\t<span class=\"elementor-button-text\">Acceda a la Alerta Elecciones at\u00edpicas completa [PDF]<\/span>\n\t\t<\/span>\n\t\t\t\t\t<\/a>\n\t\t<\/div>\n\t\t\t\t<\/div>\n\t\t\t\t<\/div>\n\t\t\t\t\t<\/div>\n\t\t<\/div>\n\t\t\t\t<div class=\"elementor-column elementor-col-33 elementor-inner-column elementor-element elementor-element-63e42ec\" data-id=\"63e42ec\" data-element_type=\"column\">\n\t\t\t<div class=\"elementor-widget-wrap\">\n\t\t\t\t\t\t\t\t\t<\/div>\n\t\t<\/div>\n\t\t\t\t\t\t\t<\/div>\n\t\t<\/section>\n\t\t\t\t\t<\/div>\n\t\t<\/div>\n\t\t\t\t\t\t\t<\/div>\n\t\t<\/section>\n\t\t\t\t<section class=\"elementor-section elementor-top-section elementor-element elementor-element-12e4394 elementor-section-stretched elementor-section-boxed elementor-section-height-default elementor-section-height-default\" data-id=\"12e4394\" data-element_type=\"section\" data-settings=\"{&quot;background_background&quot;:&quot;classic&quot;,&quot;stretch_section&quot;:&quot;section-stretched&quot;}\">\n\t\t\t\t\t\t<div class=\"elementor-container elementor-column-gap-default\">\n\t\t\t\t\t<div class=\"elementor-column elementor-col-50 elementor-top-column elementor-element elementor-element-d53047b\" data-id=\"d53047b\" data-element_type=\"column\">\n\t\t\t<div class=\"elementor-widget-wrap elementor-element-populated\">\n\t\t\t\t\t\t\t\t<div class=\"elementor-element elementor-element-e8f3345 elementor-aspect-ratio-169 elementor-widget elementor-widget-video\" data-id=\"e8f3345\" data-element_type=\"widget\" data-settings=\"{&quot;youtube_url&quot;:&quot;https:\\\/\\\/youtu.be\\\/lfNEgEZCcwE&quot;,&quot;video_type&quot;:&quot;youtube&quot;,&quot;controls&quot;:&quot;yes&quot;,&quot;aspect_ratio&quot;:&quot;169&quot;}\" data-widget_type=\"video.default\">\n\t\t\t\t<div class=\"elementor-widget-container\">\n\t\t\t\t\t<div class=\"elementor-wrapper elementor-fit-aspect-ratio elementor-open-inline\">\n\t\t\t<div class=\"elementor-video\"><\/div>\t\t<\/div>\n\t\t\t\t<\/div>\n\t\t\t\t<\/div>\n\t\t\t\t\t<\/div>\n\t\t<\/div>\n\t\t\t\t<div class=\"elementor-column elementor-col-50 elementor-top-column elementor-element elementor-element-5e2fd6c\" data-id=\"5e2fd6c\" data-element_type=\"column\">\n\t\t\t<div class=\"elementor-widget-wrap elementor-element-populated\">\n\t\t\t\t\t\t\t\t<div class=\"elementor-element elementor-element-c8cb5a8 elementor-widget elementor-widget-spacer\" data-id=\"c8cb5a8\" data-element_type=\"widget\" data-widget_type=\"spacer.default\">\n\t\t\t\t<div class=\"elementor-widget-container\">\n\t\t\t\t\t<div class=\"elementor-spacer\">\n\t\t\t<div class=\"elementor-spacer-inner\"><\/div>\n\t\t<\/div>\n\t\t\t\t<\/div>\n\t\t\t\t<\/div>\n\t\t\t\t<div class=\"elementor-element elementor-element-d150fec elementor-widget elementor-widget-text-editor\" data-id=\"d150fec\" data-element_type=\"widget\" data-widget_type=\"text-editor.default\">\n\t\t\t\t<div class=\"elementor-widget-container\">\n\t\t\t\t\t<div class=\"elementor-text-editor elementor-clearfix\"><p><strong>FORO<\/strong> | JUEVES 30 DE JULIO 2020<\/p><\/div>\n\t\t\t\t<\/div>\n\t\t\t\t<\/div>\n\t\t\t\t<div class=\"elementor-element elementor-element-905cdfc elementor-widget elementor-widget-heading\" data-id=\"905cdfc\" data-element_type=\"widget\" data-widget_type=\"heading.default\">\n\t\t\t\t<div class=\"elementor-widget-container\">\n\t\t\t<h2 class=\"elementor-heading-title elementor-size-default\">Hablemos de democracia: primeras elecciones at\u00edpicas en pandemia<\/h2>\t\t<\/div>\n\t\t\t\t<\/div>\n\t\t\t\t<div class=\"elementor-element elementor-element-a3bb5fc elementor-widget elementor-widget-text-editor\" data-id=\"a3bb5fc\" data-element_type=\"widget\" data-widget_type=\"text-editor.default\">\n\t\t\t\t<div class=\"elementor-widget-container\">\n\t\t\t\t\t<div class=\"elementor-text-editor elementor-clearfix\"><p><strong>Invitados<\/strong>:<br \/><b><i>Alexander Vega<\/i><\/b>. Registrador Nacional del Estado Civil<br \/><b><i>Hern\u00e1n Penagos<\/i><\/b>. Presidente del CNE<br \/><b><i>Nicol\u00e1s Garc\u00eda<\/i><\/b>. Gobernador de Cundinamarca<br \/><b><i>Alejandra Barrios<\/i><\/b>. Directora de la MOE<br \/>Moderadora: <b><i>Camila Zuluaga<\/i><\/b><\/p><\/div>\n\t\t\t\t<\/div>\n\t\t\t\t<\/div>\n\t\t\t\t\t<\/div>\n\t\t<\/div>\n\t\t\t\t\t\t\t<\/div>\n\t\t<\/section>\n\t\t\t\t<section class=\"elementor-section elementor-top-section elementor-element elementor-element-0f3e8c4 elementor-section-boxed elementor-section-height-default elementor-section-height-default\" data-id=\"0f3e8c4\" data-element_type=\"section\" data-settings=\"{&quot;background_background&quot;:&quot;classic&quot;}\">\n\t\t\t\t\t\t<div class=\"elementor-container elementor-column-gap-default\">\n\t\t\t\t\t<div class=\"elementor-column elementor-col-50 elementor-top-column elementor-element elementor-element-8fc8797\" data-id=\"8fc8797\" data-element_type=\"column\" data-settings=\"{&quot;background_background&quot;:&quot;classic&quot;}\">\n\t\t\t<div class=\"elementor-widget-wrap elementor-element-populated\">\n\t\t\t\t\t\t\t\t<div class=\"elementor-element elementor-element-5f5bcb1 elementor-widget elementor-widget-spacer\" data-id=\"5f5bcb1\" data-element_type=\"widget\" data-widget_type=\"spacer.default\">\n\t\t\t\t<div class=\"elementor-widget-container\">\n\t\t\t\t\t<div class=\"elementor-spacer\">\n\t\t\t<div class=\"elementor-spacer-inner\"><\/div>\n\t\t<\/div>\n\t\t\t\t<\/div>\n\t\t\t\t<\/div>\n\t\t\t\t<div class=\"elementor-element elementor-element-fc7c24e elementor-view-default elementor-widget elementor-widget-icon\" data-id=\"fc7c24e\" data-element_type=\"widget\" data-widget_type=\"icon.default\">\n\t\t\t\t<div class=\"elementor-widget-container\">\n\t\t\t\t\t<div class=\"elementor-icon-wrapper\">\n\t\t\t<div class=\"elementor-icon\">\n\t\t\t<i aria-hidden=\"true\" class=\"fas fa-list-ol\"><\/i>\t\t\t<\/div>\n\t\t<\/div>\n\t\t\t\t<\/div>\n\t\t\t\t<\/div>\n\t\t\t\t<div class=\"elementor-element elementor-element-e092486 elementor-widget elementor-widget-text-editor\" data-id=\"e092486\" data-element_type=\"widget\" data-widget_type=\"text-editor.default\">\n\t\t\t\t<div class=\"elementor-widget-container\">\n\t\t\t\t\t<div class=\"elementor-text-editor elementor-clearfix\"><p style=\"text-align: left;\">A fin de garantizar los derechos pol\u00edticos electorales de los ciudadanos en los distintos \u00e1mbitos territoriales en los que se ha convocado a elecciones at\u00edpicas, resulta fundamental que los procesos electorales que se desarrollen cumplan con todas las garant\u00edas t\u00e9cnicas y de bioseguridad.<\/p><\/div>\n\t\t\t\t<\/div>\n\t\t\t\t<\/div>\n\t\t\t\t\t<\/div>\n\t\t<\/div>\n\t\t\t\t<div class=\"elementor-column elementor-col-50 elementor-top-column elementor-element elementor-element-342f620\" data-id=\"342f620\" data-element_type=\"column\">\n\t\t\t<div class=\"elementor-widget-wrap elementor-element-populated\">\n\t\t\t\t\t\t\t\t<div class=\"elementor-element elementor-element-81998bd elementor-widget elementor-widget-heading\" data-id=\"81998bd\" data-element_type=\"widget\" data-widget_type=\"heading.default\">\n\t\t\t\t<div class=\"elementor-widget-container\">\n\t\t\t<h2 class=\"elementor-heading-title elementor-size-default\">Resulta fundamental que los procesos electorales que se desarrollen cumplan con todas las garant\u00edas t\u00e9cnicas y de bioseguridad, para lograr tanto una amplia participaci\u00f3n ciudadana, como resultados confiables que brinden legitimidad a los funcionarios electos.<\/h2>\t\t<\/div>\n\t\t\t\t<\/div>\n\t\t\t\t\t<\/div>\n\t\t<\/div>\n\t\t\t\t\t\t\t<\/div>\n\t\t<\/section>\n\t\t\t\t\t\t<\/div>\n\t\t\t\t\t<\/div>\n\t\t","protected":false},"excerpt":{"rendered":"<p>Alerta Elecciones at\u00edpicas De las garant\u00edas pol\u00edticas a la log\u00edstica electoral Colombia, como el resto del mundo, se encuentra inmerso en una emergencia sanitaria que conlleva un conjunto de limitaciones tanto a la movilidad, como a los espacios de contacto entre la ciudadan\u00eda. Sin embargo, en un Estado democr\u00e1tico, esto no puede significar la suspensi\u00f3n&hellip;&nbsp;<a href=\"https:\/\/democraciaenriesgo.com\/index.php\/riesgos-democraticos\/alerta-elecciones\/\" class=\"\" rel=\"bookmark\">Leer m\u00e1s &raquo;<span class=\"screen-reader-text\">Alerta Elecciones at\u00edpicas<\/span><\/a><\/p>\n","protected":false},"author":1,"featured_media":0,"parent":61,"menu_order":0,"comment_status":"closed","ping_status":"closed","template":"page-templates\/template-pagebuilder-full-width.php","meta":{"neve_meta_sidebar":"full-width","neve_meta_container":"","neve_meta_enable_content_width":"on","neve_meta_content_width":100,"neve_meta_title_alignment":"","neve_meta_author_avatar":"","neve_post_elements_order":"","neve_meta_disable_header":"","neve_meta_disable_footer":"","neve_meta_disable_title":"","_ti_tpc_template_sync":false,"_ti_tpc_template_id":"","spay_email":""},"_links":{"self":[{"href":"https:\/\/democraciaenriesgo.com\/index.php\/wp-json\/wp\/v2\/pages\/438"}],"collection":[{"href":"https:\/\/democraciaenriesgo.com\/index.php\/wp-json\/wp\/v2\/pages"}],"about":[{"href":"https:\/\/democraciaenriesgo.com\/index.php\/wp-json\/wp\/v2\/types\/page"}],"author":[{"embeddable":true,"href":"https:\/\/democraciaenriesgo.com\/index.php\/wp-json\/wp\/v2\/users\/1"}],"replies":[{"embeddable":true,"href":"https:\/\/democraciaenriesgo.com\/index.php\/wp-json\/wp\/v2\/comments?post=438"}],"version-history":[{"count":104,"href":"https:\/\/democraciaenriesgo.com\/index.php\/wp-json\/wp\/v2\/pages\/438\/revisions"}],"predecessor-version":[{"id":2077,"href":"https:\/\/democraciaenriesgo.com\/index.php\/wp-json\/wp\/v2\/pages\/438\/revisions\/2077"}],"up":[{"embeddable":true,"href":"https:\/\/democraciaenriesgo.com\/index.php\/wp-json\/wp\/v2\/pages\/61"}],"wp:attachment":[{"href":"https:\/\/democraciaenriesgo.com\/index.php\/wp-json\/wp\/v2\/media?parent=438"}],"curies":[{"name":"wp","href":"https:\/\/api.w.org\/{rel}","templated":true}]}}