{"id":61,"date":"2020-01-23T18:21:52","date_gmt":"2020-01-23T23:21:52","guid":{"rendered":"https:\/\/demosites.io\/web-agency-gb\/?page_id=61"},"modified":"2023-06-27T20:13:47","modified_gmt":"2023-06-28T01:13:47","slug":"riesgos-democraticos","status":"publish","type":"page","link":"https:\/\/democraciaenriesgo.com\/index.php\/riesgos-democraticos\/","title":{"rendered":"Riesgos democr\u00e1ticos"},"content":{"rendered":"\t\t<div data-elementor-type=\"wp-page\" data-elementor-id=\"61\" class=\"elementor elementor-61\" data-elementor-settings=\"[]\">\n\t\t\t\t\t\t\t<div class=\"elementor-section-wrap\">\n\t\t\t\t\t\t\t<section class=\"elementor-section elementor-top-section elementor-element elementor-element-cb2564d elementor-section-stretched elementor-section-boxed elementor-section-height-default elementor-section-height-default\" data-id=\"cb2564d\" data-element_type=\"section\" data-settings=\"{&quot;stretch_section&quot;:&quot;section-stretched&quot;,&quot;background_background&quot;:&quot;classic&quot;}\">\n\t\t\t\t\t\t\t<div class=\"elementor-background-overlay\"><\/div>\n\t\t\t\t\t\t\t<div class=\"elementor-container elementor-column-gap-default\">\n\t\t\t\t\t<div class=\"elementor-column elementor-col-100 elementor-top-column elementor-element elementor-element-76cb992\" data-id=\"76cb992\" data-element_type=\"column\" data-settings=\"{&quot;background_background&quot;:&quot;classic&quot;}\">\n\t\t\t<div class=\"elementor-widget-wrap elementor-element-populated\">\n\t\t\t\t\t\t\t\t<div class=\"elementor-element elementor-element-51b27ea elementor-view-default elementor-widget elementor-widget-icon\" data-id=\"51b27ea\" data-element_type=\"widget\" data-widget_type=\"icon.default\">\n\t\t\t\t<div class=\"elementor-widget-container\">\n\t\t\t\t\t<div class=\"elementor-icon-wrapper\">\n\t\t\t<div class=\"elementor-icon\">\n\t\t\t<i aria-hidden=\"true\" class=\"far fa-eye\"><\/i>\t\t\t<\/div>\n\t\t<\/div>\n\t\t\t\t<\/div>\n\t\t\t\t<\/div>\n\t\t\t\t<div class=\"elementor-element elementor-element-0d810e1 elementor-widget elementor-widget-heading\" data-id=\"0d810e1\" data-element_type=\"widget\" data-widget_type=\"heading.default\">\n\t\t\t\t<div class=\"elementor-widget-container\">\n\t\t\t<h2 class=\"elementor-heading-title elementor-size-default\">Preocupadas por el riesgo de un devenir autoritario, varias organizaciones sociales, desde una perspectiva ciudadana hemos acordado vigilar y llamar la atenci\u00f3n sobre los riesgos y las afectaciones a los derechos y garant\u00edas democr\u00e1ticas<\/h2>\t\t<\/div>\n\t\t\t\t<\/div>\n\t\t\t\t\t<\/div>\n\t\t<\/div>\n\t\t\t\t\t\t\t<\/div>\n\t\t<\/section>\n\t\t\t\t<section class=\"elementor-section elementor-top-section elementor-element elementor-element-544a264 elementor-section-boxed elementor-section-height-default elementor-section-height-default\" data-id=\"544a264\" data-element_type=\"section\">\n\t\t\t\t\t\t<div class=\"elementor-container elementor-column-gap-default\">\n\t\t\t\t\t<div class=\"elementor-column elementor-col-100 elementor-top-column elementor-element elementor-element-6f1a88e\" data-id=\"6f1a88e\" data-element_type=\"column\">\n\t\t\t<div class=\"elementor-widget-wrap elementor-element-populated\">\n\t\t\t\t\t\t\t\t<div class=\"elementor-element elementor-element-b45d08a elementor-widget elementor-widget-menu-anchor\" data-id=\"b45d08a\" data-element_type=\"widget\" data-widget_type=\"menu-anchor.default\">\n\t\t\t\t<div class=\"elementor-widget-container\">\n\t\t\t\t\t<div id=\"arriba1\" class=\"elementor-menu-anchor\"><\/div>\n\t\t\t\t<\/div>\n\t\t\t\t<\/div>\n\t\t\t\t<div class=\"elementor-element elementor-element-3a7e7c5 elementor-widget elementor-widget-spacer\" data-id=\"3a7e7c5\" data-element_type=\"widget\" data-widget_type=\"spacer.default\">\n\t\t\t\t<div class=\"elementor-widget-container\">\n\t\t\t\t\t<div class=\"elementor-spacer\">\n\t\t\t<div class=\"elementor-spacer-inner\"><\/div>\n\t\t<\/div>\n\t\t\t\t<\/div>\n\t\t\t\t<\/div>\n\t\t\t\t\t<\/div>\n\t\t<\/div>\n\t\t\t\t\t\t\t<\/div>\n\t\t<\/section>\n\t\t\t\t<section class=\"elementor-section elementor-top-section elementor-element elementor-element-d0dae70 elementor-section-boxed elementor-section-height-default elementor-section-height-default\" data-id=\"d0dae70\" data-element_type=\"section\">\n\t\t\t\t\t\t<div class=\"elementor-container elementor-column-gap-default\">\n\t\t\t\t\t<div class=\"elementor-column elementor-col-50 elementor-top-column elementor-element elementor-element-38a57de\" data-id=\"38a57de\" data-element_type=\"column\">\n\t\t\t<div class=\"elementor-widget-wrap elementor-element-populated\">\n\t\t\t\t\t\t\t\t<div class=\"elementor-element elementor-element-4a7aea8 elementor-widget elementor-widget-heading\" data-id=\"4a7aea8\" data-element_type=\"widget\" data-widget_type=\"heading.default\">\n\t\t\t\t<div class=\"elementor-widget-container\">\n\t\t\t<h2 class=\"elementor-heading-title elementor-size-default\">Riesgos para los derechos y las garant\u00edas democr\u00e1ticas<\/h2>\t\t<\/div>\n\t\t\t\t<\/div>\n\t\t\t\t\t<\/div>\n\t\t<\/div>\n\t\t\t\t<div class=\"elementor-column elementor-col-50 elementor-top-column elementor-element elementor-element-603ac51\" data-id=\"603ac51\" data-element_type=\"column\">\n\t\t\t<div class=\"elementor-widget-wrap elementor-element-populated\">\n\t\t\t\t\t\t\t\t<div class=\"elementor-element elementor-element-9c5ae1c elementor-widget elementor-widget-text-editor\" data-id=\"9c5ae1c\" data-element_type=\"widget\" data-widget_type=\"text-editor.default\">\n\t\t\t\t<div class=\"elementor-widget-container\">\n\t\t\t\t\t<div class=\"elementor-text-editor elementor-clearfix\"><p>A partir del acuerdo de vigilar y llamar la atenci\u00f3n sobre los riesgos y las afectaciones a los derechos y garant\u00edas democr\u00e1ticas en medio de la pandemia del covid-19, empezamos a realizar seguimiento y an\u00e1lisis de las medidas adoptadas por las autoridades p\u00fablicas en los niveles nacional y local, y de los conflictos surgidos en su implementaci\u00f3n para producir reportes que permitan generar alertas en la ciudadan\u00eda y correcciones en el Estado.\u00a0<\/p><p><span style=\"color: var( --e-global-color-text ); background-color: var(--nv-site-bg); letter-spacing: 0.2px;\">As\u00ed e<\/span><span style=\"color: var( --e-global-color-text ); letter-spacing: 0.2px; background-color: var(--nv-site-bg);\">nfocaremos nuestra atenci\u00f3n en los m\u00e1s significativos riesgos para los derechos y garant\u00edas democr\u00e1ticas:<\/span><\/p><p><span style=\"color: var( --e-global-color-text ); background-color: var(--nv-site-bg); letter-spacing: 0.2px;\">1. <a href=\"https:\/\/democraciaenriesgo.com\/index.php\/riesgos-democraticos\/#equilibrio-poderes\">P\u00e9rdida del equilibrio de poder<\/a><br \/>2. <a href=\"https:\/\/democraciaenriesgo.com\/index.php\/riesgos-democraticos\/#participacion\">Suspensi\u00f3n de los procedimientos y espacios de participaci\u00f3n ciudadana<\/a><br \/>3. <a href=\"https:\/\/democraciaenriesgo.com\/index.php\/riesgos-democraticos\/#proteccion-datos\">Afectaci\u00f3n a la protecci\u00f3n de los datos personales<\/a><br \/>4. <a href=\"https:\/\/democraciaenriesgo.com\/index.php\/riesgos-democraticos\/#acceso-informacion\">Afectaciones al derecho de acceso a la informaci\u00f3n<\/a><\/span><\/p><\/div>\n\t\t\t\t<\/div>\n\t\t\t\t<\/div>\n\t\t\t\t<div class=\"elementor-element elementor-element-375e1ff elementor-widget-divider--separator-type-pattern elementor-widget-divider--no-spacing elementor-widget-divider--view-line elementor-widget elementor-widget-divider\" data-id=\"375e1ff\" data-element_type=\"widget\" data-widget_type=\"divider.default\">\n\t\t\t\t<div class=\"elementor-widget-container\">\n\t\t\t\t\t<div class=\"elementor-divider\" style=\"--divider-pattern-url: url(&quot;data:image\/svg+xml,%3Csvg xmlns=&#039;http:\/\/www.w3.org\/2000\/svg&#039; preserveAspectRatio=&#039;xMidYMid meet&#039; overflow=&#039;visible&#039; height=&#039;100%&#039; viewBox=&#039;0 0 120 26&#039; fill=&#039;black&#039; stroke=&#039;none&#039;%3E%3Cpath d=&#039;M54,1.6V26h-9V2.5L54,1.6z M69,1.6v23.3L60,26V1.6H69z M24,1.6v23.5l-9-0.6V1.6H24z M30,0l9,0.7v24.5h-9V0z M9,2.5v22H0V3.7L9,2.5z M75,1.6l9,0.9v22h-9V1.6z M99,2.7v21.7h-9V3.8L99,2.7z M114,3.8v20.7l-9-0.5V3.8L114,3.8z&#039;\/%3E%3C\/svg%3E&quot;);\">\n\t\t\t<span class=\"elementor-divider-separator\">\n\t\t\t\t\t\t<\/span>\n\t\t<\/div>\n\t\t\t\t<\/div>\n\t\t\t\t<\/div>\n\t\t\t\t<div class=\"elementor-element elementor-element-5950273 elementor-aspect-ratio-169 elementor-widget elementor-widget-video\" data-id=\"5950273\" data-element_type=\"widget\" data-settings=\"{&quot;youtube_url&quot;:&quot;https:\\\/\\\/youtu.be\\\/m32EAdHeLJE&quot;,&quot;video_type&quot;:&quot;youtube&quot;,&quot;controls&quot;:&quot;yes&quot;,&quot;aspect_ratio&quot;:&quot;169&quot;}\" data-widget_type=\"video.default\">\n\t\t\t\t<div class=\"elementor-widget-container\">\n\t\t\t\t\t<div class=\"elementor-wrapper elementor-fit-aspect-ratio elementor-open-inline\">\n\t\t\t<div class=\"elementor-video\"><\/div>\t\t<\/div>\n\t\t\t\t<\/div>\n\t\t\t\t<\/div>\n\t\t\t\t<div class=\"elementor-element elementor-element-1b064c0 elementor-widget-divider--separator-type-pattern elementor-widget-divider--no-spacing elementor-widget-divider--view-line elementor-widget elementor-widget-divider\" data-id=\"1b064c0\" data-element_type=\"widget\" data-widget_type=\"divider.default\">\n\t\t\t\t<div class=\"elementor-widget-container\">\n\t\t\t\t\t<div class=\"elementor-divider\" style=\"--divider-pattern-url: url(&quot;data:image\/svg+xml,%3Csvg xmlns=&#039;http:\/\/www.w3.org\/2000\/svg&#039; preserveAspectRatio=&#039;xMidYMid meet&#039; overflow=&#039;visible&#039; height=&#039;100%&#039; viewBox=&#039;0 0 120 26&#039; fill=&#039;black&#039; stroke=&#039;none&#039;%3E%3Cpath d=&#039;M54,1.6V26h-9V2.5L54,1.6z M69,1.6v23.3L60,26V1.6H69z M24,1.6v23.5l-9-0.6V1.6H24z M30,0l9,0.7v24.5h-9V0z M9,2.5v22H0V3.7L9,2.5z M75,1.6l9,0.9v22h-9V1.6z M99,2.7v21.7h-9V3.8L99,2.7z M114,3.8v20.7l-9-0.5V3.8L114,3.8z&#039;\/%3E%3C\/svg%3E&quot;);\">\n\t\t\t<span class=\"elementor-divider-separator\">\n\t\t\t\t\t\t<\/span>\n\t\t<\/div>\n\t\t\t\t<\/div>\n\t\t\t\t<\/div>\n\t\t\t\t<div class=\"elementor-element elementor-element-bedf235 elementor-widget elementor-widget-text-editor\" data-id=\"bedf235\" data-element_type=\"widget\" data-widget_type=\"text-editor.default\">\n\t\t\t\t<div class=\"elementor-widget-container\">\n\t\t\t\t\t<div class=\"elementor-text-editor elementor-clearfix\"><p style=\"text-align: center;\"><a href=\"https:\/\/democraciaenriesgo.com\/index.php\/recursos\/campana-riesgos\/\">Acceda a informaci\u00f3n sobre la campa\u00f1a para promocionar los Riesgos democr\u00e1ticos<\/a><\/p><\/div>\n\t\t\t\t<\/div>\n\t\t\t\t<\/div>\n\t\t\t\t\t<\/div>\n\t\t<\/div>\n\t\t\t\t\t\t\t<\/div>\n\t\t<\/section>\n\t\t\t\t<section class=\"elementor-section elementor-top-section elementor-element elementor-element-75d60ec elementor-section-boxed elementor-section-height-default elementor-section-height-default\" data-id=\"75d60ec\" data-element_type=\"section\">\n\t\t\t\t\t\t<div class=\"elementor-container elementor-column-gap-default\">\n\t\t\t\t\t<div class=\"elementor-column elementor-col-100 elementor-top-column elementor-element elementor-element-159517f\" data-id=\"159517f\" data-element_type=\"column\">\n\t\t\t<div class=\"elementor-widget-wrap elementor-element-populated\">\n\t\t\t\t\t\t\t\t<div class=\"elementor-element elementor-element-348f195 elementor-widget elementor-widget-menu-anchor\" data-id=\"348f195\" data-element_type=\"widget\" data-widget_type=\"menu-anchor.default\">\n\t\t\t\t<div class=\"elementor-widget-container\">\n\t\t\t\t\t<div id=\"equilibrio-poderes\" class=\"elementor-menu-anchor\"><\/div>\n\t\t\t\t<\/div>\n\t\t\t\t<\/div>\n\t\t\t\t<div class=\"elementor-element elementor-element-f828508 elementor-widget elementor-widget-spacer\" data-id=\"f828508\" data-element_type=\"widget\" data-widget_type=\"spacer.default\">\n\t\t\t\t<div class=\"elementor-widget-container\">\n\t\t\t\t\t<div class=\"elementor-spacer\">\n\t\t\t<div class=\"elementor-spacer-inner\"><\/div>\n\t\t<\/div>\n\t\t\t\t<\/div>\n\t\t\t\t<\/div>\n\t\t\t\t\t<\/div>\n\t\t<\/div>\n\t\t\t\t\t\t\t<\/div>\n\t\t<\/section>\n\t\t\t\t<section class=\"elementor-section elementor-top-section elementor-element elementor-element-b63be94 elementor-section-stretched elementor-section-boxed elementor-section-height-default elementor-section-height-default\" data-id=\"b63be94\" data-element_type=\"section\" data-settings=\"{&quot;stretch_section&quot;:&quot;section-stretched&quot;,&quot;background_background&quot;:&quot;classic&quot;}\">\n\t\t\t\t\t\t<div class=\"elementor-container elementor-column-gap-default\">\n\t\t\t\t\t<div class=\"elementor-column elementor-col-100 elementor-top-column elementor-element elementor-element-1068570\" data-id=\"1068570\" data-element_type=\"column\" data-settings=\"{&quot;background_background&quot;:&quot;classic&quot;}\">\n\t\t\t<div class=\"elementor-widget-wrap elementor-element-populated\">\n\t\t\t\t\t\t\t\t<div class=\"elementor-element elementor-element-c4e154c elementor-widget elementor-widget-image\" data-id=\"c4e154c\" data-element_type=\"widget\" data-widget_type=\"image.default\">\n\t\t\t\t<div class=\"elementor-widget-container\">\n\t\t\t\t\t<div class=\"elementor-image\">\n\t\t\t\t\t\t\t\t\t\t<img src=\"https:\/\/i1.wp.com\/democraciaenriesgo.com\/wp-content\/uploads\/2021\/04\/R1.png?w=1200&#038;ssl=1\" title=\"\" alt=\"\" data-recalc-dims=\"1\" \/>\t\t\t\t\t\t\t\t\t\t\t<\/div>\n\t\t\t\t<\/div>\n\t\t\t\t<\/div>\n\t\t\t\t\t<\/div>\n\t\t<\/div>\n\t\t\t\t\t\t\t<\/div>\n\t\t<\/section>\n\t\t\t\t<section class=\"elementor-section elementor-top-section elementor-element elementor-element-fbd4817 elementor-section-stretched elementor-section-boxed elementor-section-height-default elementor-section-height-default\" data-id=\"fbd4817\" data-element_type=\"section\" data-settings=\"{&quot;stretch_section&quot;:&quot;section-stretched&quot;,&quot;background_background&quot;:&quot;classic&quot;}\">\n\t\t\t\t\t\t<div class=\"elementor-container elementor-column-gap-default\">\n\t\t\t\t\t<div class=\"elementor-column elementor-col-100 elementor-top-column elementor-element elementor-element-53c8d99\" data-id=\"53c8d99\" data-element_type=\"column\">\n\t\t\t<div class=\"elementor-widget-wrap elementor-element-populated\">\n\t\t\t\t\t\t\t\t<section class=\"elementor-section elementor-inner-section elementor-element elementor-element-e8b85fd elementor-section-boxed elementor-section-height-default elementor-section-height-default\" data-id=\"e8b85fd\" data-element_type=\"section\">\n\t\t\t\t\t\t<div class=\"elementor-container elementor-column-gap-default\">\n\t\t\t\t\t<div class=\"elementor-column elementor-col-50 elementor-inner-column elementor-element elementor-element-94f1aa5\" data-id=\"94f1aa5\" data-element_type=\"column\">\n\t\t\t<div class=\"elementor-widget-wrap elementor-element-populated\">\n\t\t\t\t\t\t\t\t<div class=\"elementor-element elementor-element-962a858 elementor-widget elementor-widget-text-editor\" data-id=\"962a858\" data-element_type=\"widget\" data-widget_type=\"text-editor.default\">\n\t\t\t\t<div class=\"elementor-widget-container\">\n\t\t\t\t\t<div class=\"elementor-text-editor elementor-clearfix\"><p>En la medida en que las facultades extraordinarias de las que se dota el Presidente de la Rep\u00fablica con la declaratoria de emergencia econ\u00f3mica y social, le otorgan poderes para producir normas con fuerza de ley, disponer a su arbitrio de los recursos p\u00fablicos y usar todos los d\u00edas los medios masivos de comunicaci\u00f3n. Mientras tanto, el Congreso hasta ahora no ha generado leyes para atender la pandemia y no ha reformado ninguna de las normas expedidas por el gobierno, la administraci\u00f3n de justicia disminuy\u00f3 de manera sustancial el acceso a la justicia y la Corte Constitucional en la revisi\u00f3n de los 116 decretos legislativos expedidos apenas ha podido emitir 54 sentencias.<\/p><p>El control pol\u00edtico a las medidas adoptadas por el gobierno a\u00fan no se realiza por el Congreso y sus bancadas. Las autoridades locales han sido desbordadas en sus capacidades y en su disponibilidad de recursos por la gran cantidad de competencias y actividades que el gobierno nacional les ha delegado.<\/p><\/div>\n\t\t\t\t<\/div>\n\t\t\t\t<\/div>\n\t\t\t\t<div class=\"elementor-element elementor-element-c8087be elementor-widget-divider--view-line elementor-widget elementor-widget-divider\" data-id=\"c8087be\" data-element_type=\"widget\" data-widget_type=\"divider.default\">\n\t\t\t\t<div class=\"elementor-widget-container\">\n\t\t\t\t\t<div class=\"elementor-divider\">\n\t\t\t<span class=\"elementor-divider-separator\">\n\t\t\t\t\t\t<\/span>\n\t\t<\/div>\n\t\t\t\t<\/div>\n\t\t\t\t<\/div>\n\t\t\t\t<div class=\"elementor-element elementor-element-3244bae elementor-widget elementor-widget-text-editor\" data-id=\"3244bae\" data-element_type=\"widget\" data-widget_type=\"text-editor.default\">\n\t\t\t\t<div class=\"elementor-widget-container\">\n\t\t\t\t\t<div class=\"elementor-text-editor elementor-clearfix\"><p><em><a href=\"https:\/\/democraciaenriesgo.com\/wp-content\/uploads\/2021\/04\/20200716DemocraciaEnRiesgoLLamamiento.pdf\" target=\"_blank\" rel=\"noopener\">Leer el Llamamiento a cuidar la democracia<\/a><\/em><\/p><\/div>\n\t\t\t\t<\/div>\n\t\t\t\t<\/div>\n\t\t\t\t\t<\/div>\n\t\t<\/div>\n\t\t\t\t<div class=\"elementor-column elementor-col-50 elementor-inner-column elementor-element elementor-element-c0a2b37\" data-id=\"c0a2b37\" data-element_type=\"column\">\n\t\t\t<div class=\"elementor-widget-wrap elementor-element-populated\">\n\t\t\t\t\t\t\t\t<div class=\"elementor-element elementor-element-6f5f705 elementor-widget elementor-widget-image\" data-id=\"6f5f705\" data-element_type=\"widget\" data-widget_type=\"image.default\">\n\t\t\t\t<div class=\"elementor-widget-container\">\n\t\t\t\t\t<div class=\"elementor-image\">\n\t\t\t\t\t\t\t\t\t\t\t<a href=\"https:\/\/democraciaenriesgo.com\/index.php\/riesgos-democraticos\/alerta-congreso\/\">\n\t\t\t\t\t\t\t<img width=\"521\" height=\"521\" src=\"https:\/\/i0.wp.com\/democraciaenriesgo.com\/wp-content\/uploads\/2021\/06\/AlertaC.jpg?fit=521%2C521&amp;ssl=1\" class=\"attachment-large size-large\" alt=\"Imagen Alerta Congreso\" loading=\"lazy\" srcset=\"https:\/\/i0.wp.com\/democraciaenriesgo.com\/wp-content\/uploads\/2021\/06\/AlertaC.jpg?w=521&amp;ssl=1 521w, https:\/\/i0.wp.com\/democraciaenriesgo.com\/wp-content\/uploads\/2021\/06\/AlertaC.jpg?resize=300%2C300&amp;ssl=1 300w, https:\/\/i0.wp.com\/democraciaenriesgo.com\/wp-content\/uploads\/2021\/06\/AlertaC.jpg?resize=150%2C150&amp;ssl=1 150w\" sizes=\"(max-width: 521px) 100vw, 521px\" \/>\t\t\t\t\t\t\t\t<\/a>\n\t\t\t\t\t\t\t\t\t\t\t<\/div>\n\t\t\t\t<\/div>\n\t\t\t\t<\/div>\n\t\t\t\t<div class=\"elementor-element elementor-element-f09439e elementor-widget elementor-widget-image\" data-id=\"f09439e\" data-element_type=\"widget\" data-widget_type=\"image.default\">\n\t\t\t\t<div class=\"elementor-widget-container\">\n\t\t\t\t\t<div class=\"elementor-image\">\n\t\t\t\t\t\t\t\t\t\t\t<a href=\"https:\/\/democraciaenriesgo.com\/index.php\/riesgos-democraticos\/alerta-reforma-procuraduria\/\">\n\t\t\t\t\t\t\t<img width=\"521\" height=\"521\" src=\"https:\/\/i1.wp.com\/democraciaenriesgo.com\/wp-content\/uploads\/2021\/06\/AlertaRP-1.jpg?fit=521%2C521&amp;ssl=1\" class=\"attachment-large size-large\" alt=\"Imagen Alerta Reforma Procuradur\u00eda\" loading=\"lazy\" srcset=\"https:\/\/i1.wp.com\/democraciaenriesgo.com\/wp-content\/uploads\/2021\/06\/AlertaRP-1.jpg?w=521&amp;ssl=1 521w, https:\/\/i1.wp.com\/democraciaenriesgo.com\/wp-content\/uploads\/2021\/06\/AlertaRP-1.jpg?resize=300%2C300&amp;ssl=1 300w, https:\/\/i1.wp.com\/democraciaenriesgo.com\/wp-content\/uploads\/2021\/06\/AlertaRP-1.jpg?resize=150%2C150&amp;ssl=1 150w\" sizes=\"(max-width: 521px) 100vw, 521px\" \/>\t\t\t\t\t\t\t\t<\/a>\n\t\t\t\t\t\t\t\t\t\t\t<\/div>\n\t\t\t\t<\/div>\n\t\t\t\t<\/div>\n\t\t\t\t\t<\/div>\n\t\t<\/div>\n\t\t\t\t\t\t\t<\/div>\n\t\t<\/section>\n\t\t\t\t<div class=\"elementor-element elementor-element-f1f762a elementor-view-default elementor-widget elementor-widget-icon\" data-id=\"f1f762a\" data-element_type=\"widget\" data-widget_type=\"icon.default\">\n\t\t\t\t<div class=\"elementor-widget-container\">\n\t\t\t\t\t<div class=\"elementor-icon-wrapper\">\n\t\t\t<a class=\"elementor-icon\" href=\"https:\/\/democraciaenriesgo.com\/index.php\/riesgos-democraticos\/#arriba1\">\n\t\t\t<i aria-hidden=\"true\" class=\"fas fa-angle-up\"><\/i>\t\t\t<\/a>\n\t\t<\/div>\n\t\t\t\t<\/div>\n\t\t\t\t<\/div>\n\t\t\t\t\t<\/div>\n\t\t<\/div>\n\t\t\t\t\t\t\t<\/div>\n\t\t<\/section>\n\t\t\t\t<section class=\"elementor-section elementor-top-section elementor-element elementor-element-f92c77a elementor-section-boxed elementor-section-height-default elementor-section-height-default\" data-id=\"f92c77a\" data-element_type=\"section\">\n\t\t\t\t\t\t<div class=\"elementor-container elementor-column-gap-default\">\n\t\t\t\t\t<div class=\"elementor-column elementor-col-100 elementor-top-column elementor-element elementor-element-0d83944\" data-id=\"0d83944\" data-element_type=\"column\">\n\t\t\t<div class=\"elementor-widget-wrap elementor-element-populated\">\n\t\t\t\t\t\t\t\t<div class=\"elementor-element elementor-element-3529771 elementor-widget elementor-widget-menu-anchor\" data-id=\"3529771\" data-element_type=\"widget\" data-widget_type=\"menu-anchor.default\">\n\t\t\t\t<div class=\"elementor-widget-container\">\n\t\t\t\t\t<div id=\"participacion\" class=\"elementor-menu-anchor\"><\/div>\n\t\t\t\t<\/div>\n\t\t\t\t<\/div>\n\t\t\t\t<div class=\"elementor-element elementor-element-b507c08 elementor-widget elementor-widget-spacer\" data-id=\"b507c08\" data-element_type=\"widget\" data-widget_type=\"spacer.default\">\n\t\t\t\t<div class=\"elementor-widget-container\">\n\t\t\t\t\t<div class=\"elementor-spacer\">\n\t\t\t<div class=\"elementor-spacer-inner\"><\/div>\n\t\t<\/div>\n\t\t\t\t<\/div>\n\t\t\t\t<\/div>\n\t\t\t\t\t<\/div>\n\t\t<\/div>\n\t\t\t\t\t\t\t<\/div>\n\t\t<\/section>\n\t\t\t\t<section class=\"elementor-section elementor-top-section elementor-element elementor-element-c7841eb elementor-section-stretched elementor-section-boxed elementor-section-height-default elementor-section-height-default\" data-id=\"c7841eb\" data-element_type=\"section\" data-settings=\"{&quot;stretch_section&quot;:&quot;section-stretched&quot;,&quot;background_background&quot;:&quot;classic&quot;}\">\n\t\t\t\t\t\t<div class=\"elementor-container elementor-column-gap-default\">\n\t\t\t\t\t<div class=\"elementor-column elementor-col-100 elementor-top-column elementor-element elementor-element-90cf1e1\" data-id=\"90cf1e1\" data-element_type=\"column\" data-settings=\"{&quot;background_background&quot;:&quot;classic&quot;}\">\n\t\t\t<div class=\"elementor-widget-wrap elementor-element-populated\">\n\t\t\t\t\t\t\t\t<div class=\"elementor-element elementor-element-35d0d8c elementor-widget elementor-widget-image\" data-id=\"35d0d8c\" data-element_type=\"widget\" data-widget_type=\"image.default\">\n\t\t\t\t<div class=\"elementor-widget-container\">\n\t\t\t\t\t<div class=\"elementor-image\">\n\t\t\t\t\t\t\t\t\t\t<img width=\"1024\" height=\"449\" src=\"https:\/\/i2.wp.com\/democraciaenriesgo.com\/wp-content\/uploads\/2021\/04\/R2.png?fit=1024%2C449&amp;ssl=1\" class=\"attachment-large size-large\" alt=\"Riesgo participaci\u00f3n y protesta\" loading=\"lazy\" srcset=\"https:\/\/i2.wp.com\/democraciaenriesgo.com\/wp-content\/uploads\/2021\/04\/R2.png?w=1689&amp;ssl=1 1689w, https:\/\/i2.wp.com\/democraciaenriesgo.com\/wp-content\/uploads\/2021\/04\/R2.png?resize=300%2C132&amp;ssl=1 300w, https:\/\/i2.wp.com\/democraciaenriesgo.com\/wp-content\/uploads\/2021\/04\/R2.png?resize=1024%2C449&amp;ssl=1 1024w, https:\/\/i2.wp.com\/democraciaenriesgo.com\/wp-content\/uploads\/2021\/04\/R2.png?resize=768%2C337&amp;ssl=1 768w, https:\/\/i2.wp.com\/democraciaenriesgo.com\/wp-content\/uploads\/2021\/04\/R2.png?resize=1536%2C674&amp;ssl=1 1536w\" sizes=\"(max-width: 1024px) 100vw, 1024px\" \/>\t\t\t\t\t\t\t\t\t\t\t<\/div>\n\t\t\t\t<\/div>\n\t\t\t\t<\/div>\n\t\t\t\t\t<\/div>\n\t\t<\/div>\n\t\t\t\t\t\t\t<\/div>\n\t\t<\/section>\n\t\t\t\t<section class=\"elementor-section elementor-top-section elementor-element elementor-element-3fb90af elementor-section-stretched elementor-section-boxed elementor-section-height-default elementor-section-height-default\" data-id=\"3fb90af\" data-element_type=\"section\" data-settings=\"{&quot;stretch_section&quot;:&quot;section-stretched&quot;,&quot;background_background&quot;:&quot;classic&quot;}\">\n\t\t\t\t\t\t<div class=\"elementor-container elementor-column-gap-default\">\n\t\t\t\t\t<div class=\"elementor-column elementor-col-100 elementor-top-column elementor-element elementor-element-81873fe\" data-id=\"81873fe\" data-element_type=\"column\">\n\t\t\t<div class=\"elementor-widget-wrap elementor-element-populated\">\n\t\t\t\t\t\t\t\t<section class=\"elementor-section elementor-inner-section elementor-element elementor-element-01ee477 elementor-section-boxed elementor-section-height-default elementor-section-height-default\" data-id=\"01ee477\" data-element_type=\"section\">\n\t\t\t\t\t\t<div class=\"elementor-container elementor-column-gap-default\">\n\t\t\t\t\t<div class=\"elementor-column elementor-col-50 elementor-inner-column elementor-element elementor-element-1b35973\" data-id=\"1b35973\" data-element_type=\"column\">\n\t\t\t<div class=\"elementor-widget-wrap elementor-element-populated\">\n\t\t\t\t\t\t\t\t<div class=\"elementor-element elementor-element-de3ae58 elementor-widget elementor-widget-text-editor\" data-id=\"de3ae58\" data-element_type=\"widget\" data-widget_type=\"text-editor.default\">\n\t\t\t\t<div class=\"elementor-widget-container\">\n\t\t\t\t\t<div class=\"elementor-text-editor elementor-clearfix\"><p>La suspensi\u00f3n de los procedimientos y espacios de participaci\u00f3n ciudadana garantizados en el ordenamiento jur\u00eddico, dado que ha cesado abruptamente su funcionamiento, y solo en algunos casos han contado con medios tecnol\u00f3gicos para continuar actuando.\u00a0<\/p><p>Nos preocupa la afectaci\u00f3n a la participaci\u00f3n ciudadana en la discusi\u00f3n y adopci\u00f3n de los planes de desarrollo local y el aplazamiento indefinido de algunos procesos electorales (Juntas de Acci\u00f3n Comunal, los Consejos Municipales de la Juventud y de algunas elecciones at\u00edpicas de autoridades locales).<\/p><\/div>\n\t\t\t\t<\/div>\n\t\t\t\t<\/div>\n\t\t\t\t<div class=\"elementor-element elementor-element-bb85ec3 elementor-widget-divider--view-line elementor-widget elementor-widget-divider\" data-id=\"bb85ec3\" data-element_type=\"widget\" data-widget_type=\"divider.default\">\n\t\t\t\t<div class=\"elementor-widget-container\">\n\t\t\t\t\t<div class=\"elementor-divider\">\n\t\t\t<span class=\"elementor-divider-separator\">\n\t\t\t\t\t\t<\/span>\n\t\t<\/div>\n\t\t\t\t<\/div>\n\t\t\t\t<\/div>\n\t\t\t\t<div class=\"elementor-element elementor-element-fce3c31 elementor-widget elementor-widget-text-editor\" data-id=\"fce3c31\" data-element_type=\"widget\" data-widget_type=\"text-editor.default\">\n\t\t\t\t<div class=\"elementor-widget-container\">\n\t\t\t\t\t<div class=\"elementor-text-editor elementor-clearfix\"><p><em><a href=\"https:\/\/democraciaenriesgo.com\/wp-content\/uploads\/2021\/04\/20200716DemocraciaEnRiesgoLLamamiento.pdf\" target=\"_blank\" rel=\"noopener\">Leer el Llamamiento a cuidar la democracia<\/a><\/em><\/p><\/div>\n\t\t\t\t<\/div>\n\t\t\t\t<\/div>\n\t\t\t\t\t<\/div>\n\t\t<\/div>\n\t\t\t\t<div class=\"elementor-column elementor-col-50 elementor-inner-column elementor-element elementor-element-f3d8c54\" data-id=\"f3d8c54\" data-element_type=\"column\">\n\t\t\t<div class=\"elementor-widget-wrap\">\n\t\t\t\t\t\t\t\t\t<\/div>\n\t\t<\/div>\n\t\t\t\t\t\t\t<\/div>\n\t\t<\/section>\n\t\t\t\t<div class=\"elementor-element elementor-element-51ca959 elementor-widget elementor-widget-spacer\" data-id=\"51ca959\" data-element_type=\"widget\" data-widget_type=\"spacer.default\">\n\t\t\t\t<div class=\"elementor-widget-container\">\n\t\t\t\t\t<div class=\"elementor-spacer\">\n\t\t\t<div class=\"elementor-spacer-inner\"><\/div>\n\t\t<\/div>\n\t\t\t\t<\/div>\n\t\t\t\t<\/div>\n\t\t\t\t<section class=\"elementor-section elementor-inner-section elementor-element elementor-element-db8375a elementor-section-boxed elementor-section-height-default elementor-section-height-default\" data-id=\"db8375a\" data-element_type=\"section\">\n\t\t\t\t\t\t<div class=\"elementor-container elementor-column-gap-default\">\n\t\t\t\t\t<div class=\"elementor-column elementor-col-20 elementor-inner-column elementor-element elementor-element-6893df1\" data-id=\"6893df1\" data-element_type=\"column\">\n\t\t\t<div class=\"elementor-widget-wrap elementor-element-populated\">\n\t\t\t\t\t\t\t\t<div class=\"elementor-element elementor-element-390d679 elementor-widget elementor-widget-image\" data-id=\"390d679\" data-element_type=\"widget\" data-widget_type=\"image.default\">\n\t\t\t\t<div class=\"elementor-widget-container\">\n\t\t\t\t\t<div class=\"elementor-image\">\n\t\t\t\t\t\t\t\t\t\t\t<a href=\"https:\/\/democraciaenriesgo.com\/index.php\/riesgos-democraticos\/alerta-amenazas-contra-docentes-y-periodistas-en-el-caribe-colombiano\/\">\n\t\t\t\t\t\t\t<img width=\"521\" height=\"521\" src=\"https:\/\/i1.wp.com\/democraciaenriesgo.com\/wp-content\/uploads\/2023\/06\/AlertaAmenazas.jpg?fit=521%2C521&amp;ssl=1\" class=\"attachment-full size-full\" alt=\"Alerta Amenazas contra docentes y periodistas en el Caribe colombiano\" loading=\"lazy\" srcset=\"https:\/\/i1.wp.com\/democraciaenriesgo.com\/wp-content\/uploads\/2023\/06\/AlertaAmenazas.jpg?w=521&amp;ssl=1 521w, https:\/\/i1.wp.com\/democraciaenriesgo.com\/wp-content\/uploads\/2023\/06\/AlertaAmenazas.jpg?resize=300%2C300&amp;ssl=1 300w, https:\/\/i1.wp.com\/democraciaenriesgo.com\/wp-content\/uploads\/2023\/06\/AlertaAmenazas.jpg?resize=150%2C150&amp;ssl=1 150w\" sizes=\"(max-width: 521px) 100vw, 521px\" \/>\t\t\t\t\t\t\t\t<\/a>\n\t\t\t\t\t\t\t\t\t\t\t<\/div>\n\t\t\t\t<\/div>\n\t\t\t\t<\/div>\n\t\t\t\t\t<\/div>\n\t\t<\/div>\n\t\t\t\t<div class=\"elementor-column elementor-col-20 elementor-inner-column elementor-element elementor-element-503f04a\" data-id=\"503f04a\" data-element_type=\"column\">\n\t\t\t<div class=\"elementor-widget-wrap elementor-element-populated\">\n\t\t\t\t\t\t\t\t<div class=\"elementor-element elementor-element-7d664f2 elementor-widget elementor-widget-image\" data-id=\"7d664f2\" data-element_type=\"widget\" data-widget_type=\"image.default\">\n\t\t\t\t<div class=\"elementor-widget-container\">\n\t\t\t\t\t<div class=\"elementor-image\">\n\t\t\t\t\t\t\t\t\t\t\t<a href=\"https:\/\/democraciaenriesgo.com\/index.php\/riesgos-democraticos\/alerta-limitaciones-participacion-ciudadana-formulacion-y-aprobacion-pnd\/\">\n\t\t\t\t\t\t\t<img width=\"520\" height=\"520\" src=\"https:\/\/i2.wp.com\/democraciaenriesgo.com\/wp-content\/uploads\/2023\/03\/AlertaDRV-1.jpg?fit=520%2C520&amp;ssl=1\" class=\"attachment-full size-full\" alt=\"Alerta Limitaciones a la participaci\u00f3n ciudadana en la formulaci\u00f3n y aprobaci\u00f3n del PND\" loading=\"lazy\" srcset=\"https:\/\/i2.wp.com\/democraciaenriesgo.com\/wp-content\/uploads\/2023\/03\/AlertaDRV-1.jpg?w=520&amp;ssl=1 520w, https:\/\/i2.wp.com\/democraciaenriesgo.com\/wp-content\/uploads\/2023\/03\/AlertaDRV-1.jpg?resize=300%2C300&amp;ssl=1 300w, https:\/\/i2.wp.com\/democraciaenriesgo.com\/wp-content\/uploads\/2023\/03\/AlertaDRV-1.jpg?resize=150%2C150&amp;ssl=1 150w\" sizes=\"(max-width: 520px) 100vw, 520px\" \/>\t\t\t\t\t\t\t\t<\/a>\n\t\t\t\t\t\t\t\t\t\t\t<\/div>\n\t\t\t\t<\/div>\n\t\t\t\t<\/div>\n\t\t\t\t\t<\/div>\n\t\t<\/div>\n\t\t\t\t<div class=\"elementor-column elementor-col-20 elementor-inner-column elementor-element elementor-element-e0d8028\" data-id=\"e0d8028\" data-element_type=\"column\">\n\t\t\t<div class=\"elementor-widget-wrap elementor-element-populated\">\n\t\t\t\t\t\t\t\t<div class=\"elementor-element elementor-element-4c8e463 elementor-widget elementor-widget-image\" data-id=\"4c8e463\" data-element_type=\"widget\" data-widget_type=\"image.default\">\n\t\t\t\t<div class=\"elementor-widget-container\">\n\t\t\t\t\t<div class=\"elementor-image\">\n\t\t\t\t\t\t\t\t\t\t\t<a href=\"https:\/\/democraciaenriesgo.com\/index.php\/riesgos-democraticos\/alerta-reglas-electorales\/\">\n\t\t\t\t\t\t\t<img width=\"521\" height=\"520\" src=\"https:\/\/i1.wp.com\/democraciaenriesgo.com\/wp-content\/uploads\/2022\/03\/AlertaReglasE.jpg?fit=521%2C520&amp;ssl=1\" class=\"attachment-full size-full\" alt=\"Alerta Reglas electorales\" loading=\"lazy\" srcset=\"https:\/\/i1.wp.com\/democraciaenriesgo.com\/wp-content\/uploads\/2022\/03\/AlertaReglasE.jpg?w=521&amp;ssl=1 521w, https:\/\/i1.wp.com\/democraciaenriesgo.com\/wp-content\/uploads\/2022\/03\/AlertaReglasE.jpg?resize=300%2C300&amp;ssl=1 300w, https:\/\/i1.wp.com\/democraciaenriesgo.com\/wp-content\/uploads\/2022\/03\/AlertaReglasE.jpg?resize=150%2C150&amp;ssl=1 150w\" sizes=\"(max-width: 521px) 100vw, 521px\" \/>\t\t\t\t\t\t\t\t<\/a>\n\t\t\t\t\t\t\t\t\t\t\t<\/div>\n\t\t\t\t<\/div>\n\t\t\t\t<\/div>\n\t\t\t\t\t<\/div>\n\t\t<\/div>\n\t\t\t\t<div class=\"elementor-column elementor-col-20 elementor-inner-column elementor-element elementor-element-3bbca17\" data-id=\"3bbca17\" data-element_type=\"column\">\n\t\t\t<div class=\"elementor-widget-wrap elementor-element-populated\">\n\t\t\t\t\t\t\t\t<div class=\"elementor-element elementor-element-e1a6d8d elementor-widget elementor-widget-image\" data-id=\"e1a6d8d\" data-element_type=\"widget\" data-widget_type=\"image.default\">\n\t\t\t\t<div class=\"elementor-widget-container\">\n\t\t\t\t\t<div class=\"elementor-image\">\n\t\t\t\t\t\t\t\t\t\t\t<a href=\"https:\/\/democraciaenriesgo.com\/index.php\/riesgos-democraticos\/alerta-manejo-proceso-electoral\/\">\n\t\t\t\t\t\t\t<img width=\"522\" height=\"521\" src=\"https:\/\/i0.wp.com\/democraciaenriesgo.com\/wp-content\/uploads\/2022\/03\/AlertaProcesoE-e1646169013398.jpg?fit=522%2C521&amp;ssl=1\" class=\"attachment-full size-full\" alt=\"Alerta manejo proceso electoral\" loading=\"lazy\" srcset=\"https:\/\/i0.wp.com\/democraciaenriesgo.com\/wp-content\/uploads\/2022\/03\/AlertaProcesoE-e1646169013398.jpg?w=522&amp;ssl=1 522w, https:\/\/i0.wp.com\/democraciaenriesgo.com\/wp-content\/uploads\/2022\/03\/AlertaProcesoE-e1646169013398.jpg?resize=300%2C300&amp;ssl=1 300w, https:\/\/i0.wp.com\/democraciaenriesgo.com\/wp-content\/uploads\/2022\/03\/AlertaProcesoE-e1646169013398.jpg?resize=150%2C150&amp;ssl=1 150w\" sizes=\"(max-width: 522px) 100vw, 522px\" \/>\t\t\t\t\t\t\t\t<\/a>\n\t\t\t\t\t\t\t\t\t\t\t<\/div>\n\t\t\t\t<\/div>\n\t\t\t\t<\/div>\n\t\t\t\t\t<\/div>\n\t\t<\/div>\n\t\t\t\t<div class=\"elementor-column elementor-col-20 elementor-inner-column elementor-element elementor-element-10d7cc3\" data-id=\"10d7cc3\" data-element_type=\"column\">\n\t\t\t<div class=\"elementor-widget-wrap elementor-element-populated\">\n\t\t\t\t\t\t\t\t<div class=\"elementor-element elementor-element-ac5bc07 elementor-widget elementor-widget-image\" data-id=\"ac5bc07\" data-element_type=\"widget\" data-widget_type=\"image.default\">\n\t\t\t\t<div class=\"elementor-widget-container\">\n\t\t\t\t\t<div class=\"elementor-image\">\n\t\t\t\t\t\t\t\t\t\t\t<a href=\"https:\/\/democraciaenriesgo.com\/index.php\/riesgos-democraticos\/alerta-impunidad-y-criminalizacion-de-la-protesta-social\/\">\n\t\t\t\t\t\t\t<img width=\"521\" height=\"521\" src=\"https:\/\/i0.wp.com\/democraciaenriesgo.com\/wp-content\/uploads\/2022\/03\/AlertaImpyCrim.jpg?fit=521%2C521&amp;ssl=1\" class=\"attachment-full size-full\" alt=\"Alerta Impunidad y criminalizaci\u00f3n\" loading=\"lazy\" srcset=\"https:\/\/i0.wp.com\/democraciaenriesgo.com\/wp-content\/uploads\/2022\/03\/AlertaImpyCrim.jpg?w=521&amp;ssl=1 521w, https:\/\/i0.wp.com\/democraciaenriesgo.com\/wp-content\/uploads\/2022\/03\/AlertaImpyCrim.jpg?resize=300%2C300&amp;ssl=1 300w, https:\/\/i0.wp.com\/democraciaenriesgo.com\/wp-content\/uploads\/2022\/03\/AlertaImpyCrim.jpg?resize=150%2C150&amp;ssl=1 150w\" sizes=\"(max-width: 521px) 100vw, 521px\" \/>\t\t\t\t\t\t\t\t<\/a>\n\t\t\t\t\t\t\t\t\t\t\t<\/div>\n\t\t\t\t<\/div>\n\t\t\t\t<\/div>\n\t\t\t\t\t<\/div>\n\t\t<\/div>\n\t\t\t\t\t\t\t<\/div>\n\t\t<\/section>\n\t\t\t\t<section class=\"elementor-section elementor-inner-section elementor-element elementor-element-83edd68 elementor-section-boxed elementor-section-height-default elementor-section-height-default\" data-id=\"83edd68\" data-element_type=\"section\">\n\t\t\t\t\t\t<div class=\"elementor-container elementor-column-gap-default\">\n\t\t\t\t\t<div class=\"elementor-column elementor-col-20 elementor-inner-column elementor-element elementor-element-d6f298f\" data-id=\"d6f298f\" data-element_type=\"column\">\n\t\t\t<div class=\"elementor-widget-wrap elementor-element-populated\">\n\t\t\t\t\t\t\t\t<div class=\"elementor-element elementor-element-53e8c86 elementor-widget elementor-widget-image\" data-id=\"53e8c86\" data-element_type=\"widget\" data-widget_type=\"image.default\">\n\t\t\t\t<div class=\"elementor-widget-container\">\n\t\t\t\t\t<div class=\"elementor-image\">\n\t\t\t\t\t\t\t\t\t\t\t<a href=\"https:\/\/democraciaenriesgo.com\/index.php\/riesgos-democraticos\/alerta-violacion-derecho-a-la-protesta\/\">\n\t\t\t\t\t\t\t<img width=\"520\" height=\"521\" src=\"https:\/\/i1.wp.com\/democraciaenriesgo.com\/wp-content\/uploads\/2021\/06\/AlertaVDP-1.jpg?fit=520%2C521&amp;ssl=1\" class=\"attachment-full size-full\" alt=\"Imagen Alerta Violaci\u00f3n derecho a la protesta\" loading=\"lazy\" srcset=\"https:\/\/i1.wp.com\/democraciaenriesgo.com\/wp-content\/uploads\/2021\/06\/AlertaVDP-1.jpg?w=520&amp;ssl=1 520w, https:\/\/i1.wp.com\/democraciaenriesgo.com\/wp-content\/uploads\/2021\/06\/AlertaVDP-1.jpg?resize=300%2C300&amp;ssl=1 300w, https:\/\/i1.wp.com\/democraciaenriesgo.com\/wp-content\/uploads\/2021\/06\/AlertaVDP-1.jpg?resize=150%2C150&amp;ssl=1 150w\" sizes=\"(max-width: 520px) 100vw, 520px\" \/>\t\t\t\t\t\t\t\t<\/a>\n\t\t\t\t\t\t\t\t\t\t\t<\/div>\n\t\t\t\t<\/div>\n\t\t\t\t<\/div>\n\t\t\t\t\t<\/div>\n\t\t<\/div>\n\t\t\t\t<div class=\"elementor-column elementor-col-20 elementor-inner-column elementor-element elementor-element-e0aeb21\" data-id=\"e0aeb21\" data-element_type=\"column\">\n\t\t\t<div class=\"elementor-widget-wrap elementor-element-populated\">\n\t\t\t\t\t\t\t\t<div class=\"elementor-element elementor-element-00651a2 elementor-widget elementor-widget-image\" data-id=\"00651a2\" data-element_type=\"widget\" data-widget_type=\"image.default\">\n\t\t\t\t<div class=\"elementor-widget-container\">\n\t\t\t\t\t<div class=\"elementor-image\">\n\t\t\t\t\t\t\t\t\t\t\t<a href=\"https:\/\/democraciaenriesgo.com\/index.php\/riesgos-democraticos\/alerta-participacion-planes-desarrollo\/\">\n\t\t\t\t\t\t\t<img width=\"520\" height=\"521\" src=\"https:\/\/i0.wp.com\/democraciaenriesgo.com\/wp-content\/uploads\/2021\/06\/AlertaPPD.jpg?fit=520%2C521&amp;ssl=1\" class=\"attachment-full size-full\" alt=\"Imagen Alerta Participaci\u00f3n en planes de desarrollo\" loading=\"lazy\" srcset=\"https:\/\/i0.wp.com\/democraciaenriesgo.com\/wp-content\/uploads\/2021\/06\/AlertaPPD.jpg?w=520&amp;ssl=1 520w, https:\/\/i0.wp.com\/democraciaenriesgo.com\/wp-content\/uploads\/2021\/06\/AlertaPPD.jpg?resize=300%2C300&amp;ssl=1 300w, https:\/\/i0.wp.com\/democraciaenriesgo.com\/wp-content\/uploads\/2021\/06\/AlertaPPD.jpg?resize=150%2C150&amp;ssl=1 150w\" sizes=\"(max-width: 520px) 100vw, 520px\" \/>\t\t\t\t\t\t\t\t<\/a>\n\t\t\t\t\t\t\t\t\t\t\t<\/div>\n\t\t\t\t<\/div>\n\t\t\t\t<\/div>\n\t\t\t\t\t<\/div>\n\t\t<\/div>\n\t\t\t\t<div class=\"elementor-column elementor-col-20 elementor-inner-column elementor-element elementor-element-803b41e\" data-id=\"803b41e\" data-element_type=\"column\">\n\t\t\t<div class=\"elementor-widget-wrap elementor-element-populated\">\n\t\t\t\t\t\t\t\t<div class=\"elementor-element elementor-element-e824d3a elementor-widget elementor-widget-image\" data-id=\"e824d3a\" data-element_type=\"widget\" data-widget_type=\"image.default\">\n\t\t\t\t<div class=\"elementor-widget-container\">\n\t\t\t\t\t<div class=\"elementor-image\">\n\t\t\t\t\t\t\t\t\t\t\t<a href=\"https:\/\/democraciaenriesgo.com\/index.php\/riesgos-democraticos\/alerta-participacion\/\">\n\t\t\t\t\t\t\t<img width=\"521\" height=\"521\" src=\"https:\/\/i0.wp.com\/democraciaenriesgo.com\/wp-content\/uploads\/2021\/06\/AlertaPa.jpg?fit=521%2C521&amp;ssl=1\" class=\"attachment-full size-full\" alt=\"Imagen Alerta Participaci\u00f3n\" loading=\"lazy\" srcset=\"https:\/\/i0.wp.com\/democraciaenriesgo.com\/wp-content\/uploads\/2021\/06\/AlertaPa.jpg?w=521&amp;ssl=1 521w, https:\/\/i0.wp.com\/democraciaenriesgo.com\/wp-content\/uploads\/2021\/06\/AlertaPa.jpg?resize=300%2C300&amp;ssl=1 300w, https:\/\/i0.wp.com\/democraciaenriesgo.com\/wp-content\/uploads\/2021\/06\/AlertaPa.jpg?resize=150%2C150&amp;ssl=1 150w\" sizes=\"(max-width: 521px) 100vw, 521px\" \/>\t\t\t\t\t\t\t\t<\/a>\n\t\t\t\t\t\t\t\t\t\t\t<\/div>\n\t\t\t\t<\/div>\n\t\t\t\t<\/div>\n\t\t\t\t\t<\/div>\n\t\t<\/div>\n\t\t\t\t<div class=\"elementor-column elementor-col-20 elementor-inner-column elementor-element elementor-element-763f77a\" data-id=\"763f77a\" data-element_type=\"column\">\n\t\t\t<div class=\"elementor-widget-wrap elementor-element-populated\">\n\t\t\t\t\t\t\t\t<div class=\"elementor-element elementor-element-608c192 elementor-widget elementor-widget-image\" data-id=\"608c192\" data-element_type=\"widget\" data-widget_type=\"image.default\">\n\t\t\t\t<div class=\"elementor-widget-container\">\n\t\t\t\t\t<div class=\"elementor-image\">\n\t\t\t\t\t\t\t\t\t\t\t<a href=\"https:\/\/democraciaenriesgo.com\/index.php\/riesgos-democraticos\/alerta-protesta\/\">\n\t\t\t\t\t\t\t<img width=\"521\" height=\"521\" src=\"https:\/\/i2.wp.com\/democraciaenriesgo.com\/wp-content\/uploads\/2021\/06\/AlertaPro.jpg?fit=521%2C521&amp;ssl=1\" class=\"attachment-large size-large\" alt=\"Imagen Alerta Protesta\" loading=\"lazy\" srcset=\"https:\/\/i2.wp.com\/democraciaenriesgo.com\/wp-content\/uploads\/2021\/06\/AlertaPro.jpg?w=521&amp;ssl=1 521w, https:\/\/i2.wp.com\/democraciaenriesgo.com\/wp-content\/uploads\/2021\/06\/AlertaPro.jpg?resize=300%2C300&amp;ssl=1 300w, https:\/\/i2.wp.com\/democraciaenriesgo.com\/wp-content\/uploads\/2021\/06\/AlertaPro.jpg?resize=150%2C150&amp;ssl=1 150w\" sizes=\"(max-width: 521px) 100vw, 521px\" \/>\t\t\t\t\t\t\t\t<\/a>\n\t\t\t\t\t\t\t\t\t\t\t<\/div>\n\t\t\t\t<\/div>\n\t\t\t\t<\/div>\n\t\t\t\t\t<\/div>\n\t\t<\/div>\n\t\t\t\t<div class=\"elementor-column elementor-col-20 elementor-inner-column elementor-element elementor-element-d58600c\" data-id=\"d58600c\" data-element_type=\"column\">\n\t\t\t<div class=\"elementor-widget-wrap elementor-element-populated\">\n\t\t\t\t\t\t\t\t<div class=\"elementor-element elementor-element-9924fae elementor-widget elementor-widget-image\" data-id=\"9924fae\" data-element_type=\"widget\" data-widget_type=\"image.default\">\n\t\t\t\t<div class=\"elementor-widget-container\">\n\t\t\t\t\t<div class=\"elementor-image\">\n\t\t\t\t\t\t\t\t\t\t\t<a href=\"https:\/\/democraciaenriesgo.com\/index.php\/riesgos-democraticos\/alerta-elecciones\/\">\n\t\t\t\t\t\t\t<img width=\"521\" height=\"520\" src=\"https:\/\/i0.wp.com\/democraciaenriesgo.com\/wp-content\/uploads\/2021\/06\/AlertaEA-1.jpg?fit=521%2C520&amp;ssl=1\" class=\"attachment-large size-large\" alt=\"Imagen Alerta Elecciones at\u00edpicas\" loading=\"lazy\" srcset=\"https:\/\/i0.wp.com\/democraciaenriesgo.com\/wp-content\/uploads\/2021\/06\/AlertaEA-1.jpg?w=521&amp;ssl=1 521w, https:\/\/i0.wp.com\/democraciaenriesgo.com\/wp-content\/uploads\/2021\/06\/AlertaEA-1.jpg?resize=300%2C300&amp;ssl=1 300w, https:\/\/i0.wp.com\/democraciaenriesgo.com\/wp-content\/uploads\/2021\/06\/AlertaEA-1.jpg?resize=150%2C150&amp;ssl=1 150w\" sizes=\"(max-width: 521px) 100vw, 521px\" \/>\t\t\t\t\t\t\t\t<\/a>\n\t\t\t\t\t\t\t\t\t\t\t<\/div>\n\t\t\t\t<\/div>\n\t\t\t\t<\/div>\n\t\t\t\t\t<\/div>\n\t\t<\/div>\n\t\t\t\t\t\t\t<\/div>\n\t\t<\/section>\n\t\t\t\t<div class=\"elementor-element elementor-element-29bbc3f elementor-view-default elementor-widget elementor-widget-icon\" data-id=\"29bbc3f\" data-element_type=\"widget\" data-widget_type=\"icon.default\">\n\t\t\t\t<div class=\"elementor-widget-container\">\n\t\t\t\t\t<div class=\"elementor-icon-wrapper\">\n\t\t\t<a class=\"elementor-icon\" href=\"https:\/\/democraciaenriesgo.com\/index.php\/riesgos-democraticos\/#arriba1\">\n\t\t\t<i aria-hidden=\"true\" class=\"fas fa-angle-up\"><\/i>\t\t\t<\/a>\n\t\t<\/div>\n\t\t\t\t<\/div>\n\t\t\t\t<\/div>\n\t\t\t\t\t<\/div>\n\t\t<\/div>\n\t\t\t\t\t\t\t<\/div>\n\t\t<\/section>\n\t\t\t\t<section class=\"elementor-section elementor-top-section elementor-element elementor-element-7c7b10a elementor-section-boxed elementor-section-height-default elementor-section-height-default\" data-id=\"7c7b10a\" data-element_type=\"section\">\n\t\t\t\t\t\t<div class=\"elementor-container elementor-column-gap-default\">\n\t\t\t\t\t<div class=\"elementor-column elementor-col-100 elementor-top-column elementor-element elementor-element-a6866bb\" data-id=\"a6866bb\" data-element_type=\"column\">\n\t\t\t<div class=\"elementor-widget-wrap elementor-element-populated\">\n\t\t\t\t\t\t\t\t<div class=\"elementor-element elementor-element-4d163b8 elementor-widget elementor-widget-menu-anchor\" data-id=\"4d163b8\" data-element_type=\"widget\" data-widget_type=\"menu-anchor.default\">\n\t\t\t\t<div class=\"elementor-widget-container\">\n\t\t\t\t\t<div id=\"proteccion-datos\" class=\"elementor-menu-anchor\"><\/div>\n\t\t\t\t<\/div>\n\t\t\t\t<\/div>\n\t\t\t\t<div class=\"elementor-element elementor-element-2f5eb7e elementor-widget elementor-widget-spacer\" data-id=\"2f5eb7e\" data-element_type=\"widget\" data-widget_type=\"spacer.default\">\n\t\t\t\t<div class=\"elementor-widget-container\">\n\t\t\t\t\t<div class=\"elementor-spacer\">\n\t\t\t<div class=\"elementor-spacer-inner\"><\/div>\n\t\t<\/div>\n\t\t\t\t<\/div>\n\t\t\t\t<\/div>\n\t\t\t\t\t<\/div>\n\t\t<\/div>\n\t\t\t\t\t\t\t<\/div>\n\t\t<\/section>\n\t\t\t\t<section class=\"elementor-section elementor-top-section elementor-element elementor-element-7690ff7 elementor-section-stretched elementor-section-boxed elementor-section-height-default elementor-section-height-default\" data-id=\"7690ff7\" data-element_type=\"section\" data-settings=\"{&quot;stretch_section&quot;:&quot;section-stretched&quot;,&quot;background_background&quot;:&quot;classic&quot;}\">\n\t\t\t\t\t\t<div class=\"elementor-container elementor-column-gap-default\">\n\t\t\t\t\t<div class=\"elementor-column elementor-col-100 elementor-top-column elementor-element elementor-element-01a955e\" data-id=\"01a955e\" data-element_type=\"column\" data-settings=\"{&quot;background_background&quot;:&quot;classic&quot;}\">\n\t\t\t<div class=\"elementor-widget-wrap elementor-element-populated\">\n\t\t\t\t\t\t\t\t<div class=\"elementor-element elementor-element-b7d4a78 elementor-widget elementor-widget-image\" data-id=\"b7d4a78\" data-element_type=\"widget\" data-widget_type=\"image.default\">\n\t\t\t\t<div class=\"elementor-widget-container\">\n\t\t\t\t\t<div class=\"elementor-image\">\n\t\t\t\t\t\t\t\t\t\t<img width=\"1024\" height=\"450\" src=\"https:\/\/i0.wp.com\/democraciaenriesgo.com\/wp-content\/uploads\/2021\/04\/R3.png?fit=1024%2C450&amp;ssl=1\" class=\"attachment-large size-large\" alt=\"Riesgo protecci\u00f3n datos\" loading=\"lazy\" srcset=\"https:\/\/i0.wp.com\/democraciaenriesgo.com\/wp-content\/uploads\/2021\/04\/R3.png?w=1688&amp;ssl=1 1688w, https:\/\/i0.wp.com\/democraciaenriesgo.com\/wp-content\/uploads\/2021\/04\/R3.png?resize=300%2C132&amp;ssl=1 300w, https:\/\/i0.wp.com\/democraciaenriesgo.com\/wp-content\/uploads\/2021\/04\/R3.png?resize=1024%2C450&amp;ssl=1 1024w, https:\/\/i0.wp.com\/democraciaenriesgo.com\/wp-content\/uploads\/2021\/04\/R3.png?resize=768%2C337&amp;ssl=1 768w, https:\/\/i0.wp.com\/democraciaenriesgo.com\/wp-content\/uploads\/2021\/04\/R3.png?resize=1536%2C674&amp;ssl=1 1536w\" sizes=\"(max-width: 1024px) 100vw, 1024px\" \/>\t\t\t\t\t\t\t\t\t\t\t<\/div>\n\t\t\t\t<\/div>\n\t\t\t\t<\/div>\n\t\t\t\t\t<\/div>\n\t\t<\/div>\n\t\t\t\t\t\t\t<\/div>\n\t\t<\/section>\n\t\t\t\t<section class=\"elementor-section elementor-top-section elementor-element elementor-element-3319c37 elementor-section-stretched elementor-section-boxed elementor-section-height-default elementor-section-height-default\" data-id=\"3319c37\" data-element_type=\"section\" data-settings=\"{&quot;stretch_section&quot;:&quot;section-stretched&quot;,&quot;background_background&quot;:&quot;classic&quot;}\">\n\t\t\t\t\t\t<div class=\"elementor-container elementor-column-gap-default\">\n\t\t\t\t\t<div class=\"elementor-column elementor-col-100 elementor-top-column elementor-element elementor-element-416ea40\" data-id=\"416ea40\" data-element_type=\"column\">\n\t\t\t<div class=\"elementor-widget-wrap elementor-element-populated\">\n\t\t\t\t\t\t\t\t<section class=\"elementor-section elementor-inner-section elementor-element elementor-element-f6874f0 elementor-section-boxed elementor-section-height-default elementor-section-height-default\" data-id=\"f6874f0\" data-element_type=\"section\">\n\t\t\t\t\t\t<div class=\"elementor-container elementor-column-gap-default\">\n\t\t\t\t\t<div class=\"elementor-column elementor-col-50 elementor-inner-column elementor-element elementor-element-63f891b\" data-id=\"63f891b\" data-element_type=\"column\">\n\t\t\t<div class=\"elementor-widget-wrap elementor-element-populated\">\n\t\t\t\t\t\t\t\t<div class=\"elementor-element elementor-element-458015a elementor-widget elementor-widget-text-editor\" data-id=\"458015a\" data-element_type=\"widget\" data-widget_type=\"text-editor.default\">\n\t\t\t\t<div class=\"elementor-widget-container\">\n\t\t\t\t\t<div class=\"elementor-text-editor elementor-clearfix\"><p>Un tercer riesgo, es el de la afectaci\u00f3n a la protecci\u00f3n de los datos personales, dado que tanto el gobierno nacional como varios gobiernos locales han adoptado una serie de disposiciones que incluyen el uso de tecnolog\u00edas donde la ciudadan\u00eda proporciona informaci\u00f3n sobre su localizaci\u00f3n, situaci\u00f3n de salud e identificaci\u00f3n, sin tener total claridad sobre cu\u00e1l ser\u00e1 el uso de dichos datos.&nbsp;<\/p><p>Se suman a la preocupaci\u00f3n las \u201cfacultades\u201d que se otorgan a particulares (establecimientos de comercio, conductores de servicios de transporte, etc.) para que puedan requerir informaci\u00f3n personal. Nos preocupa la normalizaci\u00f3n de un Estado que extrema la vigilancia y el control sobre la ciudadan\u00eda con todos los riesgos que entra\u00f1an para las libertades. <\/p><\/div>\n\t\t\t\t<\/div>\n\t\t\t\t<\/div>\n\t\t\t\t\t<\/div>\n\t\t<\/div>\n\t\t\t\t<div class=\"elementor-column elementor-col-50 elementor-inner-column elementor-element elementor-element-f50a3f7\" data-id=\"f50a3f7\" data-element_type=\"column\">\n\t\t\t<div class=\"elementor-widget-wrap elementor-element-populated\">\n\t\t\t\t\t\t\t\t<div class=\"elementor-element elementor-element-ec60c4a elementor-widget-divider--view-line elementor-widget elementor-widget-divider\" data-id=\"ec60c4a\" data-element_type=\"widget\" data-widget_type=\"divider.default\">\n\t\t\t\t<div class=\"elementor-widget-container\">\n\t\t\t\t\t<div class=\"elementor-divider\">\n\t\t\t<span class=\"elementor-divider-separator\">\n\t\t\t\t\t\t<\/span>\n\t\t<\/div>\n\t\t\t\t<\/div>\n\t\t\t\t<\/div>\n\t\t\t\t<div class=\"elementor-element elementor-element-b499add elementor-widget elementor-widget-text-editor\" data-id=\"b499add\" data-element_type=\"widget\" data-widget_type=\"text-editor.default\">\n\t\t\t\t<div class=\"elementor-widget-container\">\n\t\t\t\t\t<div class=\"elementor-text-editor elementor-clearfix\"><p><em><a href=\"https:\/\/democraciaenriesgo.com\/wp-content\/uploads\/2021\/04\/20200716DemocraciaEnRiesgoLLamamiento.pdf\" target=\"_blank\" rel=\"noopener\">Leer el Llamamiento a cuidar la democracia<\/a><\/em><\/p><\/div>\n\t\t\t\t<\/div>\n\t\t\t\t<\/div>\n\t\t\t\t\t<\/div>\n\t\t<\/div>\n\t\t\t\t\t\t\t<\/div>\n\t\t<\/section>\n\t\t\t\t<div class=\"elementor-element elementor-element-e06b63b elementor-view-default elementor-widget elementor-widget-icon\" data-id=\"e06b63b\" data-element_type=\"widget\" data-widget_type=\"icon.default\">\n\t\t\t\t<div class=\"elementor-widget-container\">\n\t\t\t\t\t<div class=\"elementor-icon-wrapper\">\n\t\t\t<a class=\"elementor-icon\" href=\"https:\/\/democraciaenriesgo.com\/index.php\/riesgos-democraticos\/#arriba1\">\n\t\t\t<i aria-hidden=\"true\" class=\"fas fa-angle-up\"><\/i>\t\t\t<\/a>\n\t\t<\/div>\n\t\t\t\t<\/div>\n\t\t\t\t<\/div>\n\t\t\t\t\t<\/div>\n\t\t<\/div>\n\t\t\t\t\t\t\t<\/div>\n\t\t<\/section>\n\t\t\t\t<section class=\"elementor-section elementor-top-section elementor-element elementor-element-509c3cd elementor-section-boxed elementor-section-height-default elementor-section-height-default\" data-id=\"509c3cd\" data-element_type=\"section\">\n\t\t\t\t\t\t<div class=\"elementor-container elementor-column-gap-default\">\n\t\t\t\t\t<div class=\"elementor-column elementor-col-100 elementor-top-column elementor-element elementor-element-a51a78e\" data-id=\"a51a78e\" data-element_type=\"column\">\n\t\t\t<div class=\"elementor-widget-wrap elementor-element-populated\">\n\t\t\t\t\t\t\t\t<div class=\"elementor-element elementor-element-4e63f00 elementor-widget elementor-widget-menu-anchor\" data-id=\"4e63f00\" data-element_type=\"widget\" data-widget_type=\"menu-anchor.default\">\n\t\t\t\t<div class=\"elementor-widget-container\">\n\t\t\t\t\t<div id=\"acceso-informacion\" class=\"elementor-menu-anchor\"><\/div>\n\t\t\t\t<\/div>\n\t\t\t\t<\/div>\n\t\t\t\t<div class=\"elementor-element elementor-element-edef223 elementor-widget elementor-widget-spacer\" data-id=\"edef223\" data-element_type=\"widget\" data-widget_type=\"spacer.default\">\n\t\t\t\t<div class=\"elementor-widget-container\">\n\t\t\t\t\t<div class=\"elementor-spacer\">\n\t\t\t<div class=\"elementor-spacer-inner\"><\/div>\n\t\t<\/div>\n\t\t\t\t<\/div>\n\t\t\t\t<\/div>\n\t\t\t\t\t<\/div>\n\t\t<\/div>\n\t\t\t\t\t\t\t<\/div>\n\t\t<\/section>\n\t\t\t\t<section class=\"elementor-section elementor-top-section elementor-element elementor-element-2f8df61 elementor-section-stretched elementor-section-boxed elementor-section-height-default elementor-section-height-default\" data-id=\"2f8df61\" data-element_type=\"section\" data-settings=\"{&quot;stretch_section&quot;:&quot;section-stretched&quot;,&quot;background_background&quot;:&quot;classic&quot;}\">\n\t\t\t\t\t\t<div class=\"elementor-container elementor-column-gap-default\">\n\t\t\t\t\t<div class=\"elementor-column elementor-col-100 elementor-top-column elementor-element elementor-element-f9c5f73\" data-id=\"f9c5f73\" data-element_type=\"column\" data-settings=\"{&quot;background_background&quot;:&quot;classic&quot;}\">\n\t\t\t<div class=\"elementor-widget-wrap elementor-element-populated\">\n\t\t\t\t\t\t\t\t<div class=\"elementor-element elementor-element-2a36b7f elementor-widget elementor-widget-image\" data-id=\"2a36b7f\" data-element_type=\"widget\" data-widget_type=\"image.default\">\n\t\t\t\t<div class=\"elementor-widget-container\">\n\t\t\t\t\t<div class=\"elementor-image\">\n\t\t\t\t\t\t\t\t\t\t<img width=\"1024\" height=\"449\" src=\"https:\/\/i2.wp.com\/democraciaenriesgo.com\/wp-content\/uploads\/2021\/04\/R4.png?fit=1024%2C449&amp;ssl=1\" class=\"attachment-large size-large\" alt=\"Riesgo acceso a la informaci\u00f3n\" loading=\"lazy\" srcset=\"https:\/\/i2.wp.com\/democraciaenriesgo.com\/wp-content\/uploads\/2021\/04\/R4.png?w=1689&amp;ssl=1 1689w, https:\/\/i2.wp.com\/democraciaenriesgo.com\/wp-content\/uploads\/2021\/04\/R4.png?resize=300%2C132&amp;ssl=1 300w, https:\/\/i2.wp.com\/democraciaenriesgo.com\/wp-content\/uploads\/2021\/04\/R4.png?resize=1024%2C449&amp;ssl=1 1024w, https:\/\/i2.wp.com\/democraciaenriesgo.com\/wp-content\/uploads\/2021\/04\/R4.png?resize=768%2C337&amp;ssl=1 768w, https:\/\/i2.wp.com\/democraciaenriesgo.com\/wp-content\/uploads\/2021\/04\/R4.png?resize=1536%2C674&amp;ssl=1 1536w\" sizes=\"(max-width: 1024px) 100vw, 1024px\" \/>\t\t\t\t\t\t\t\t\t\t\t<\/div>\n\t\t\t\t<\/div>\n\t\t\t\t<\/div>\n\t\t\t\t\t<\/div>\n\t\t<\/div>\n\t\t\t\t\t\t\t<\/div>\n\t\t<\/section>\n\t\t\t\t<section class=\"elementor-section elementor-top-section elementor-element elementor-element-561f4d9 elementor-section-stretched elementor-section-boxed elementor-section-height-default elementor-section-height-default\" data-id=\"561f4d9\" data-element_type=\"section\" data-settings=\"{&quot;stretch_section&quot;:&quot;section-stretched&quot;,&quot;background_background&quot;:&quot;classic&quot;}\">\n\t\t\t\t\t\t<div class=\"elementor-container elementor-column-gap-default\">\n\t\t\t\t\t<div class=\"elementor-column elementor-col-100 elementor-top-column elementor-element elementor-element-1e27201\" data-id=\"1e27201\" data-element_type=\"column\">\n\t\t\t<div class=\"elementor-widget-wrap elementor-element-populated\">\n\t\t\t\t\t\t\t\t<section class=\"elementor-section elementor-inner-section elementor-element elementor-element-129aeeb elementor-section-boxed elementor-section-height-default elementor-section-height-default\" data-id=\"129aeeb\" data-element_type=\"section\">\n\t\t\t\t\t\t<div class=\"elementor-container elementor-column-gap-default\">\n\t\t\t\t\t<div class=\"elementor-column elementor-col-50 elementor-inner-column elementor-element elementor-element-3a08755\" data-id=\"3a08755\" data-element_type=\"column\">\n\t\t\t<div class=\"elementor-widget-wrap elementor-element-populated\">\n\t\t\t\t\t\t\t\t<div class=\"elementor-element elementor-element-aa99328 elementor-widget elementor-widget-text-editor\" data-id=\"aa99328\" data-element_type=\"widget\" data-widget_type=\"text-editor.default\">\n\t\t\t\t<div class=\"elementor-widget-container\">\n\t\t\t\t\t<div class=\"elementor-text-editor elementor-clearfix\"><p>Transitar en medio de la incertidumbre de la pandemia requiere de un acceso oportuno y f\u00e1cil a la informaci\u00f3n, al tiempo que esta debe ser clara, veraz y socialmente \u00fatil. Los motivos que sustentan el aislamiento y las dem\u00e1s limitaciones a la movilidad deben ser expl\u00edcitos y razonables. Tambi\u00e9n, deben ser sometidos al escrutinio y la deliberaci\u00f3n p\u00fablica y no como mon\u00f3logos de las autoridades. <\/p><p>Son motivo de preocupaci\u00f3n las tensiones entre las autoridades sobre la informaci\u00f3n relacionada con la pandemia, las medidas, su temporalidad o su efectividad. El gobierno ampli\u00f3 los plazos de entrega de informaci\u00f3n p\u00fablica (decreto legislativo 491 de 2020) sin se\u00f1alar excepciones que permitan a ciudadanas y ciudadanos acceder a informaci\u00f3n vital en medio de esta situaci\u00f3n. <br \/><br \/>Finalmente, inquieta la opacidad en el manejo de la inmensa cantidad de recursos p\u00fablicos que han sido dispuestos para atender la pandemia y sus impactos; esto sin duda limita las posibilidades de llevar a cabo procesos efectivos de control social.<\/p><\/div>\n\t\t\t\t<\/div>\n\t\t\t\t<\/div>\n\t\t\t\t<div class=\"elementor-element elementor-element-869eb81 elementor-widget-divider--view-line elementor-widget elementor-widget-divider\" data-id=\"869eb81\" data-element_type=\"widget\" data-widget_type=\"divider.default\">\n\t\t\t\t<div class=\"elementor-widget-container\">\n\t\t\t\t\t<div class=\"elementor-divider\">\n\t\t\t<span class=\"elementor-divider-separator\">\n\t\t\t\t\t\t<\/span>\n\t\t<\/div>\n\t\t\t\t<\/div>\n\t\t\t\t<\/div>\n\t\t\t\t<div class=\"elementor-element elementor-element-d48c193 elementor-widget elementor-widget-text-editor\" data-id=\"d48c193\" data-element_type=\"widget\" data-widget_type=\"text-editor.default\">\n\t\t\t\t<div class=\"elementor-widget-container\">\n\t\t\t\t\t<div class=\"elementor-text-editor elementor-clearfix\"><p><em><a href=\"https:\/\/democraciaenriesgo.com\/wp-content\/uploads\/2021\/04\/20200716DemocraciaEnRiesgoLLamamiento.pdf\" target=\"_blank\" rel=\"noopener\">Leer el Llamamiento a cuidar la democracia<\/a><\/em><\/p><\/div>\n\t\t\t\t<\/div>\n\t\t\t\t<\/div>\n\t\t\t\t\t<\/div>\n\t\t<\/div>\n\t\t\t\t<div class=\"elementor-column elementor-col-50 elementor-inner-column elementor-element elementor-element-44654b7\" data-id=\"44654b7\" data-element_type=\"column\">\n\t\t\t<div class=\"elementor-widget-wrap elementor-element-populated\">\n\t\t\t\t\t\t\t\t<div class=\"elementor-element elementor-element-b8b5836 elementor-widget elementor-widget-image\" data-id=\"b8b5836\" data-element_type=\"widget\" data-widget_type=\"image.default\">\n\t\t\t\t<div class=\"elementor-widget-container\">\n\t\t\t\t\t<div class=\"elementor-image\">\n\t\t\t\t\t\t\t\t\t\t\t<a href=\"https:\/\/democraciaenriesgo.com\/index.php\/riesgos-democraticos\/alerta-derechos-a-la-informacion-y-a-la-intimidad\/\">\n\t\t\t\t\t\t\t<img width=\"521\" height=\"521\" src=\"https:\/\/i2.wp.com\/democraciaenriesgo.com\/wp-content\/uploads\/2021\/08\/AlertaDchoInfo.jpg?fit=521%2C521&amp;ssl=1\" class=\"attachment-large size-large\" alt=\"Alerta derechos a la informaci\u00f3n\" loading=\"lazy\" srcset=\"https:\/\/i2.wp.com\/democraciaenriesgo.com\/wp-content\/uploads\/2021\/08\/AlertaDchoInfo.jpg?w=521&amp;ssl=1 521w, https:\/\/i2.wp.com\/democraciaenriesgo.com\/wp-content\/uploads\/2021\/08\/AlertaDchoInfo.jpg?resize=300%2C300&amp;ssl=1 300w, https:\/\/i2.wp.com\/democraciaenriesgo.com\/wp-content\/uploads\/2021\/08\/AlertaDchoInfo.jpg?resize=150%2C150&amp;ssl=1 150w\" sizes=\"(max-width: 521px) 100vw, 521px\" \/>\t\t\t\t\t\t\t\t<\/a>\n\t\t\t\t\t\t\t\t\t\t\t<\/div>\n\t\t\t\t<\/div>\n\t\t\t\t<\/div>\n\t\t\t\t\t<\/div>\n\t\t<\/div>\n\t\t\t\t\t\t\t<\/div>\n\t\t<\/section>\n\t\t\t\t<div class=\"elementor-element elementor-element-e3093de elementor-view-default elementor-widget elementor-widget-icon\" data-id=\"e3093de\" data-element_type=\"widget\" data-widget_type=\"icon.default\">\n\t\t\t\t<div class=\"elementor-widget-container\">\n\t\t\t\t\t<div class=\"elementor-icon-wrapper\">\n\t\t\t<a class=\"elementor-icon\" href=\"https:\/\/democraciaenriesgo.com\/index.php\/riesgos-democraticos\/#arriba1\">\n\t\t\t<i aria-hidden=\"true\" class=\"fas fa-angle-up\"><\/i>\t\t\t<\/a>\n\t\t<\/div>\n\t\t\t\t<\/div>\n\t\t\t\t<\/div>\n\t\t\t\t\t<\/div>\n\t\t<\/div>\n\t\t\t\t\t\t\t<\/div>\n\t\t<\/section>\n\t\t\t\t<section class=\"elementor-section elementor-top-section elementor-element elementor-element-263b702 elementor-section-stretched elementor-section-boxed elementor-section-height-default elementor-section-height-default\" data-id=\"263b702\" data-element_type=\"section\" data-settings=\"{&quot;stretch_section&quot;:&quot;section-stretched&quot;}\">\n\t\t\t\t\t\t\t<div class=\"elementor-background-overlay\"><\/div>\n\t\t\t\t\t\t\t<div class=\"elementor-container elementor-column-gap-default\">\n\t\t\t\t\t<div class=\"elementor-column elementor-col-100 elementor-top-column elementor-element elementor-element-acc7f08\" data-id=\"acc7f08\" data-element_type=\"column\" data-settings=\"{&quot;background_background&quot;:&quot;classic&quot;}\">\n\t\t\t<div class=\"elementor-widget-wrap elementor-element-populated\">\n\t\t\t\t\t\t\t\t<div class=\"elementor-element elementor-element-ad6e019 elementor-view-default elementor-widget elementor-widget-icon\" data-id=\"ad6e019\" data-element_type=\"widget\" data-widget_type=\"icon.default\">\n\t\t\t\t<div class=\"elementor-widget-container\">\n\t\t\t\t\t<div class=\"elementor-icon-wrapper\">\n\t\t\t<div class=\"elementor-icon\">\n\t\t\t<i aria-hidden=\"true\" class=\"fas fa-users\"><\/i>\t\t\t<\/div>\n\t\t<\/div>\n\t\t\t\t<\/div>\n\t\t\t\t<\/div>\n\t\t\t\t<div class=\"elementor-element elementor-element-db3763a elementor-widget elementor-widget-heading\" data-id=\"db3763a\" data-element_type=\"widget\" data-widget_type=\"heading.default\">\n\t\t\t\t<div class=\"elementor-widget-container\">\n\t\t\t<h2 class=\"elementor-heading-title elementor-size-default\">Hacemos un llamado a que juntas cuidemos la democracia, a que juntas exijamos la rendici\u00f3n de cuentas por parte del gobierno nacional sobre la gesti\u00f3n de la pandemia, a que juntas exijamos al Congreso el necesario control pol\u00edtico.<\/h2>\t\t<\/div>\n\t\t\t\t<\/div>\n\t\t\t\t<div class=\"elementor-element elementor-element-34a6a3a elementor-widget-divider--view-line elementor-widget elementor-widget-divider\" data-id=\"34a6a3a\" data-element_type=\"widget\" data-widget_type=\"divider.default\">\n\t\t\t\t<div class=\"elementor-widget-container\">\n\t\t\t\t\t<div class=\"elementor-divider\">\n\t\t\t<span class=\"elementor-divider-separator\">\n\t\t\t\t\t\t<\/span>\n\t\t<\/div>\n\t\t\t\t<\/div>\n\t\t\t\t<\/div>\n\t\t\t\t<div class=\"elementor-element elementor-element-46a3bc4 elementor-widget elementor-widget-text-editor\" data-id=\"46a3bc4\" data-element_type=\"widget\" data-widget_type=\"text-editor.default\">\n\t\t\t\t<div class=\"elementor-widget-container\">\n\t\t\t\t\t<div class=\"elementor-text-editor elementor-clearfix\"><p style=\"text-align: center;\"><a href=\"https:\/\/democraciaenriesgo.com\/wp-content\/uploads\/2021\/04\/20200716DemocraciaEnRiesgoLLamamiento.pdf\" target=\"_blank\" rel=\"noopener\">Leer el Llamamiento a cuidar la democracia<\/a><\/p><\/div>\n\t\t\t\t<\/div>\n\t\t\t\t<\/div>\n\t\t\t\t\t<\/div>\n\t\t<\/div>\n\t\t\t\t\t\t\t<\/div>\n\t\t<\/section>\n\t\t\t\t\t\t<\/div>\n\t\t\t\t\t<\/div>\n\t\t","protected":false},"excerpt":{"rendered":"<p>Preocupadas por el riesgo de un devenir autoritario, varias organizaciones sociales, desde una perspectiva ciudadana hemos acordado vigilar y llamar la atenci\u00f3n sobre los riesgos y las afectaciones a los derechos y garant\u00edas democr\u00e1ticas Riesgos para los derechos y las garant\u00edas democr\u00e1ticas A partir del acuerdo de vigilar y llamar la atenci\u00f3n sobre los riesgos&hellip;&nbsp;<a href=\"https:\/\/democraciaenriesgo.com\/index.php\/riesgos-democraticos\/\" class=\"\" rel=\"bookmark\">Leer m\u00e1s &raquo;<span class=\"screen-reader-text\">Riesgos democr\u00e1ticos<\/span><\/a><\/p>\n","protected":false},"author":1,"featured_media":0,"parent":0,"menu_order":0,"comment_status":"closed","ping_status":"closed","template":"","meta":{"neve_meta_sidebar":"default","neve_meta_container":"default","neve_meta_enable_content_width":"on","neve_meta_content_width":100,"neve_meta_title_alignment":"","neve_meta_author_avatar":"","neve_post_elements_order":"","neve_meta_disable_header":"","neve_meta_disable_footer":"","neve_meta_disable_title":"on","_ti_tpc_template_sync":false,"_ti_tpc_template_id":"0qhau2t6eoekosrgo1a2","spay_email":""},"_links":{"self":[{"href":"https:\/\/democraciaenriesgo.com\/index.php\/wp-json\/wp\/v2\/pages\/61"}],"collection":[{"href":"https:\/\/democraciaenriesgo.com\/index.php\/wp-json\/wp\/v2\/pages"}],"about":[{"href":"https:\/\/democraciaenriesgo.com\/index.php\/wp-json\/wp\/v2\/types\/page"}],"author":[{"embeddable":true,"href":"https:\/\/democraciaenriesgo.com\/index.php\/wp-json\/wp\/v2\/users\/1"}],"replies":[{"embeddable":true,"href":"https:\/\/democraciaenriesgo.com\/index.php\/wp-json\/wp\/v2\/comments?post=61"}],"version-history":[{"count":190,"href":"https:\/\/democraciaenriesgo.com\/index.php\/wp-json\/wp\/v2\/pages\/61\/revisions"}],"predecessor-version":[{"id":2472,"href":"https:\/\/democraciaenriesgo.com\/index.php\/wp-json\/wp\/v2\/pages\/61\/revisions\/2472"}],"wp:attachment":[{"href":"https:\/\/democraciaenriesgo.com\/index.php\/wp-json\/wp\/v2\/media?parent=61"}],"curies":[{"name":"wp","href":"https:\/\/api.w.org\/{rel}","templated":true}]}}